{"id":11648,"date":"2025-03-26T14:19:16","date_gmt":"2025-03-26T13:19:16","guid":{"rendered":"https:\/\/www.schiesser.com\/unternehmen\/participation-conditions-for-the-photographer-competition\/"},"modified":"2025-05-14T10:24:50","modified_gmt":"2025-05-14T08:24:50","slug":"conditions-of-participation-photocompetition","status":"publish","type":"page","link":"https:\/\/www.schiesser.com\/unternehmen\/en\/conditions-of-participation-photocompetition\/","title":{"rendered":"Participation Conditions for the Photographer Competition"},"content":{"rendered":"\t\t<div data-elementor-type=\"wp-page\" data-elementor-id=\"11648\" class=\"elementor elementor-11648 elementor-11512\">\n\t\t\t\t\t\t<div class=\"elementor-inner\">\n\t\t\t\t<div class=\"elementor-section-wrap\">\n\t\t\t\t\t\t\t\t\t<section class=\"elementor-section elementor-top-section elementor-element elementor-element-88d73b4 elementor-section-boxed elementor-section-height-default elementor-section-height-default\" data-id=\"88d73b4\" data-element_type=\"section\">\n\t\t\t\t\t\t<div class=\"elementor-container elementor-column-gap-default\">\n\t\t\t\t\t\t\t<div class=\"elementor-row\">\n\t\t\t\t\t<div class=\"elementor-column elementor-col-100 elementor-top-column elementor-element elementor-element-4549ead\" data-id=\"4549ead\" data-element_type=\"column\">\n\t\t\t<div class=\"elementor-column-wrap elementor-element-populated\">\n\t\t\t\t\t\t\t<div class=\"elementor-widget-wrap\">\n\t\t\t\t\t\t<div class=\"elementor-element elementor-element-b5f2b40 elementor-widget elementor-widget-text-editor\" data-id=\"b5f2b40\" data-element_type=\"widget\" data-widget_type=\"text-editor.default\">\n\t\t\t\t<div class=\"elementor-widget-container\">\n\t\t\t\t\t\t\t\t<div class=\"elementor-text-editor elementor-clearfix\">\n\t\t\t\t<h2 style=\"font-style: normal; font-variant-ligatures: normal; font-variant-caps: normal; font-weight: 400;\"><p class=\"MsoNormal\" style=\"margin-bottom:6.0pt;text-align:justify\"><b><span style=\"font-size:14.0pt\">Teilnahmebedingungen f\u00fcr den Fotografen-Wettbewerb zum\n150j\u00e4hrigen Jubil\u00e4um der SCHIESSER GmbH<o:p><\/o:p><\/span><\/b><\/p>\n\n<p class=\"MsoNormal\" style=\"margin-bottom:6.0pt;text-align:justify\"><b>1.\nGegenstand der Teilnahmebedingungen und Veranstalter<o:p><\/o:p><\/b><\/p>\n\n<p class=\"MsoNormal\" style=\"margin-bottom:6.0pt;text-align:justify\">(1) Diese\nTeilnahmebedingungen regeln die Bedingungen f\u00fcr die Teilnahme am Fotografen-Wettbewerb\nzum 150-j\u00e4hrigen Jubil\u00e4um der SCHIESSER GmbH (im Folgenden auch der\n\u201eWettbewerb\u201c). <o:p><\/o:p><\/p>\n\n<p class=\"MsoNormal\" style=\"margin-bottom:6.0pt;text-align:justify\">(2) Im Rahmen\ndes Wettbewerbs k\u00f6nnen die teilnehmenden Fotograf*innen und K\u00fcnstler*innen (im\nFolgenden \u201eTeilnehmer\u201c) den Klassiker, das Original Schiesser Tanktop,\nk\u00fcnstlerisch frei inszenieren. Aus allen zugelassenen Einsendungen wird\nSchiesser die f\u00fcnfzehn besten Kreationen ausw\u00e4hlen. Aus diesen Favoriten\nermittelt eine vom Veranstalter zusammengesetzte Fachjury drei Gewinner, die\njeweils mit einem Preisgeld honoriert werden. Im Rahmen eines Jubil\u00e4ums-Events\nwerden durch den Veranstalter je nach Ausstellungskonzept die f\u00fcnfzehn besten\nKreationen \u00f6ffentlich pr\u00e4sentiert und die drei Preistr\u00e4ger durch die Jury\noffiziell bekanntgegeben. Dar\u00fcber hinaus plant SCHIESSER einen Bildband mit\nausgew\u00e4hlten Motiven zu gestalten, zu produzieren und zu verteilen, die\nAusstellungsexponate der Jubil\u00e4umsveranstaltung im Rahmen einer Charity-Aktion\nzu versteigern und die eingegangenen Kreationen im Rahmen des Fotowettbewerbs werblich\nzu nutzen. <o:p><\/o:p><\/p>\n\n<p class=\"MsoNormal\" style=\"margin-bottom:6.0pt;text-align:justify\">(3) Veranstalter\ndes Wettbewerbs ist die<o:p><\/o:p><\/p>\n\n<p class=\"MsoNormal\" style=\"margin-top:0cm;margin-right:0cm;margin-bottom:6.0pt;\nmargin-left:35.4pt\">SCHIESSER GmbH<br>\nSch\u00fctzenstra\u00dfe 18<br>\n78315 Radolfzell<o:p><\/o:p><\/p>\n\n<p class=\"MsoNormal\" style=\"margin-bottom:6.0pt;text-align:justify\">(4) Der\nWettbewerb steht in keiner Verbindung zu den Social Media-Plattformen, auf\ndenen er beworben oder anderweitig pr\u00e4sentiert wird, insbesondere Facebook, Instagram\noder TikTok und wird von diesen Social Media-Plattformen nicht gesponsort,\nunterst\u00fctzt oder organisiert.<o:p><\/o:p><\/p>\n\n<p class=\"MsoNormal\" style=\"margin-bottom:6.0pt;text-align:justify\"><b>2. Teilnahmebedingungen\nund Teilnahme<o:p><\/o:p><\/b><\/p>\n\n<p class=\"MsoNormal\" style=\"margin-bottom:6.0pt;text-align:justify\">(1) F\u00fcr die\nTeilnahme am Wettbewerb k\u00f6nnen sich alle Fotograf*innen und K\u00fcnstler*innen, die\nmit dem Medium Fotografie gewerblich arbeiten, sowie alle Studierende der\nFachrichtungen Kunst, Design und Fotografie bewerben. Auch Auszubildende und\nberuflich t\u00e4tige Assistent*innen im Bereich der Fotografie k\u00f6nnen sich\nbewerben. Alle Genres der Fotografie sind zugelassen, entweder als Einzelbilder\noder als in sich geschlossene Serien. Erwartet wird eine konsequent umgesetzte\nhochwertige Arbeit in ad\u00e4quater Pr\u00e4sentation.<o:p><\/o:p><\/p>\n\n<p class=\"MsoNormal\" style=\"margin-bottom:6.0pt;text-align:justify\">(2)\nTeilnehmer m\u00fcssen das 18. Lebensjahr vollendet haben. Ausgeschlossen sind\nMitarbeiter der SCHIESSER GmbH sowie Angeh\u00f6rige solcher Mitarbeiter und deren\nVerwandte. Es ist nur eine einmalige Teilnahme am Wettbewerb erlaubt. Die\nTeilnahme mit gef\u00e4lschten Identit\u00e4ten oder mit Identit\u00e4ten von Dritten ist\nnicht erlaubt.<o:p><\/o:p><\/p>\n\n<p class=\"MsoNormal\" style=\"margin-bottom:6.0pt;text-align:justify\">(3) Mit der\nBewerbung f\u00fcr die Teilnahme an dem Wettbewerb erkl\u00e4rt sich die teilnehmende\nPerson mit diesen Teilnahmebedingungen und insbesondere der Nutzung der\nEinsendungen in der in diesen Teilnahmebedingungen geregelten Form\neinverstanden.<o:p><\/o:p><\/p>\n\n<p class=\"MsoNormal\" style=\"margin-bottom:6.0pt;text-align:justify\">(4) Der\nAusschreibungszeitraum beginnt mit der KW12, am 17.03.2025 und l\u00e4uft bis zum\n31.05.2025. Alle Personen, die am Wettbewerb teilnehmen wollen, m\u00fcssen sich im\nAusschreibungszeitraum \u00fcber das&nbsp;<a href=\"https:\/\/www.schiesser.com\/unternehmen\/wp-content\/uploads\/SR_150-Foto-Webttbewerb_Model-Release_DE.pdf\" target=\"_blank\">Online-Formular<\/a>&nbsp;um die Teilnahme bewerben. Der\nVeranstalter beh\u00e4lt es sich vor, Bewerbungen, die gegen diese\nNutzungsbedingungen versto\u00dfen oder deren Konzeptideen aus anderen Gr\u00fcnden nicht\nf\u00fcr die Teilnahme geeignet erscheinen, ohne Begr\u00fcndung abzulehnen und nicht f\u00fcr\nden Wettbewerb zu ber\u00fccksichtigen.<br>\n(5) Die Bewerber, die vom Veranstalter zum Wettbewerb zugelassen werden, werden\nab KW16 per Mail vom Veranstalter informiert und erhalten ein Formular, \u00fcber\ndas sie nach Wahl ein Damen- (Gr\u00f6\u00dfe 36\/S) oder Herren-Tanktop (Gr\u00f6\u00dfe 50\/M)\nbestellen k\u00f6nnen, solange der Vorrat reicht. Sollte die Konzeptidee des\nTeilnehmers dies erfordern, kann ein Teilnehmer beim Veranstalter unter\nVorstellung der Idee auch weitere Shirts anfragen. Der Veranstalter wird \u00fcber\ndie Anfrage nach eigenem Ermessen entscheiden. Die Shirts werden auf Gefahr des\nTeilnehmers an die vom Teilnehmer angegebene Postanschrift gesendet und dem\nTeilnehmer zur Umsetzung seiner Konzeptideen \u00fcberlassen, bleiben jedoch bis zur\nEinsendung der Beitr\u00e4ge im Eigentum des Veranstalters. Sendet der Teilnehmer\nkeinen Beitrag ein oder verst\u00f6\u00dft der Beitrag gegen diese Teilnahmebedingungen,\nbeh\u00e4lt sich der Veranstalter vor, die Shirts in Rechnung zu stellen. Nach\nEinsendung eines Beitrags, der diesen Teilnahmebedingungen entspricht, d\u00fcrfen\ndie Teilnehmer die Shirts behalten.<o:p><\/o:p><\/p>\n\n<p class=\"MsoNormal\" style=\"margin-bottom:6.0pt;text-align:justify\">(6) Die\nzugelassenen Teilnehmer m\u00fcssen ihre Beitr\u00e4ge bis zum 15.06.2025 an die\nE-Mailadresse 150-jahre-fotowettbewerb@schiesser.com sowie Ausdrucke an\nSCHIESSER GMBH, Fotowettbewerb, Sch\u00fctzenstrasse 18, 78315 Radolfzell senden.\nDer Veranstalter beh\u00e4lt es sich vor, Einsendungen, die gegen diese\nNutzungsbedingungen versto\u00dfen, ohne Begr\u00fcndung abzulehnen und nicht f\u00fcr den\nweiteren Wettbewerb zu ber\u00fccksichtigen.<o:p><\/o:p><\/p>\n\n<p class=\"MsoNormal\" style=\"margin-bottom:6.0pt;text-align:justify\"><b>3. Anforderungen\nan Einsendungen<o:p><\/o:p><\/b><\/p>\n\n<p class=\"MsoNormal\" style=\"margin-bottom:6.0pt;text-align:justify\">(1)\nZugelassen zum Wettbewerb sind Fotos sowie Videos. Im Fokus des Konzepts und\nder Einsendung muss das Doppelripp-Tanktop des Veranstalters stehen. Im \u00dcbrigen\nist die Konzeptionierung und Umsetzung der gestalterischen Freiheit der\nTeilnehmer \u00fcberlassen. Je Einsendung sind 1-5 Fotos und \/ oder Videos m\u00f6glich.<o:p><\/o:p><\/p>\n\n<p class=\"MsoNormal\" style=\"margin-bottom:6.0pt;text-align:justify\">(2) Fotos\nm\u00fcssen als Ansichts-JPGS in DIN A5 mit einer Aufl\u00f6sung von mindestens 300dpi\nsowie als Printvorlage in einer TIFF-Datei in DIN A3 mit einer Aufl\u00f6sung von\nmindestens 300dpi eingereicht werden. Die digitalen Daten m\u00fcssen mit Vor- und\nNachnamen des Einsenders benannt werden. Fotos m\u00fcssen zus\u00e4tzlich in einem\nfarbverbindlichen Ausdruck auf Papier an SCHIESSER GMBH, Fotowettbewerb,\nSch\u00fctzenstrasse 18, 78315 Radolfzell eingesendet werden. Sollte die R\u00fccksendung\ndes Ausdrucks erw\u00fcnscht sein, kann der Teilnehmer dies unter Beif\u00fcgung eines\nfrankierten R\u00fcckumschlags mit Einsendung angeben.<o:p><\/o:p><\/p>\n\n<p class=\"MsoNormal\" style=\"margin-bottom:6.0pt;text-align:justify\">(3) Videos\nd\u00fcrfen eine maximale L\u00e4nge von 2 Minuten haben und m\u00fcssen als MP4-Datei in\nHD-Qualit\u00e4t und im 16:9 Format eingereicht werden.<o:p><\/o:p><\/p>\n\n<p class=\"MsoNormal\" style=\"margin-bottom:6.0pt;text-align:justify\">(4) Die\nKonzepte und Einsendungen d\u00fcrfen keine diskriminierenden, verunglimpfenden,\nehrverletzenden, oder anderweitig gegen die guten Sitten versto\u00dfenden sowie\nkeine eigengef\u00e4hrdenden oder rechtswidrigen Inhalte aufweisen. Entsprechende\nBewerbungen und Einsendungen werden nicht ber\u00fccksichtigt.<o:p><\/o:p><\/p>\n\n<p class=\"MsoNormal\" style=\"margin-bottom:6.0pt;text-align:justify\"><b><span style=\"color: black; background-image: initial; background-position: initial; background-size: initial; background-repeat: initial; background-attachment: initial; background-origin: initial; background-clip: initial;\">4. Auswahl und\nPr\u00e4sentation der Shortlist und Preistr\u00e4ger, Preisgeld<o:p><\/o:p><\/span><\/b><\/p>\n\n<p class=\"MsoNormal\" style=\"margin-bottom:6.0pt;text-align:justify\"><span style=\"color: black; background-image: initial; background-position: initial; background-size: initial; background-repeat: initial; background-attachment: initial; background-origin: initial; background-clip: initial;\">(1) Der Veranstalter\nwird aus allen Einsendungen bis zum Ende der KW27 nach eigenem Ermessen eine\nShortlist aus f\u00fcnfzehn Teilnehmern erstellen. Die ausgew\u00e4hlten Teilnehmer\nwerden nach der Zusammenstellung der Shortlist per E-Mail vom Veranstalter\ninformiert. Sofern sich ein ausgew\u00e4hlter Teilnehmer nicht auf die E-Mail beim\nVeranstalter zur\u00fcckmeldet, beh\u00e4lt sich der Veranstalter vor, stattdessen einen\nanderen Teilnehmer auf die Shortlist aufzunehmen.<o:p><\/o:p><\/span><\/p>\n\n<p class=\"MsoNormal\" style=\"margin-bottom:6.0pt;text-align:justify\"><span style=\"color: black; background-image: initial; background-position: initial; background-size: initial; background-repeat: initial; background-attachment: initial; background-origin: initial; background-clip: initial;\">(2) Aus der Shortlist\nw\u00e4hlt die vom Veranstalter unabh\u00e4ngig besetzte Jury aus PR- und Modefachleuten\nnach eigenem Ermessen bis zum Ende der KW28, am 13.07.2025, drei Preistr\u00e4ger aus.\nDie Preistr\u00e4ger werden nach der Auswahl der Jury per E-Mail vom Veranstalter\ninformiert. Sofern sich ein Preistr\u00e4ger nicht auf die E-Mail beim Veranstalter\nzur\u00fcckmeldet, beh\u00e4lt sich der Veranstalter vor, stattdessen einen anderen, von\nder Jury ausgew\u00e4hlten Teilnehmer als Preistr\u00e4ger auszuloben.<o:p><\/o:p><\/span><\/p>\n\n<p class=\"MsoNormal\" style=\"margin-bottom:6.0pt;text-align:justify\"><span style=\"color: black; background-image: initial; background-position: initial; background-size: initial; background-repeat: initial; background-attachment: initial; background-origin: initial; background-clip: initial;\">(3) Die Teilnehmer\nauf der Shortlist sowie die Preistr\u00e4ger werden im Rahmen des Jubil\u00e4umsevents\ndes Veranstalters bekanntgegeben und ihre Einsendungen pr\u00e4sentiert. Die\nEinsendungen der Teilnehmer auf der Shortlist werden zusammen mit dem Namen des\njeweiligen Teilnehmers zudem in einem vom Veranstalter gestalteten und\nproduzierten Fotobuch \u00fcber den Wettbewerb ver\u00f6ffentlicht. Die Art und Weise der\nEinbindung der Einsendungen sowie die Gestaltung des Jubil\u00e4umsevents und des\nFotobuchs stehen im freien Ermessen des Veranstalters.<o:p><\/o:p><\/span><\/p>\n\n<p class=\"MsoNormal\" style=\"margin-bottom:6.0pt;text-align:justify\"><span style=\"color: black; background-image: initial; background-position: initial; background-size: initial; background-repeat: initial; background-attachment: initial; background-origin: initial; background-clip: initial;\">(3) Die drei\nPreistr\u00e4ger erhalten ein Preisgeld in folgender H\u00f6he: Der Sieger erh\u00e4lt ein\nPreisgeld in H\u00f6he von 3.000 EUR, der zweitplatzierte Teilnehmer ein Preisgeld\nin H\u00f6he von 2.000 EUR und der drittplatzierte Teilnehmer ein Preisgeld in H\u00f6he\nvon 1.000 EUR. Das Preisgeld ist nicht \u00fcbertragbar und wird innerhalb von 4\nWochen nach \u00f6ffentlicher Bekanntgabe der Preistr\u00e4ger auf ein vom Preistr\u00e4ger zu\nbezeichnendes, Bankkonto ausgezahlt. Soweit es sich bei dem angegebenen Konto\nnicht um ein deutsches Bankkonto handelt, gehen gegebenenfalls f\u00fcr die\nAuszahlung des Preisgeldes anfallende Geb\u00fchren zu Lasten des Teilnehmers. Die\nPreisgelder verstehen sich inklusive aller eventuell anfallender Steuern und\nAbgaben.<o:p><\/o:p><\/span><\/p>\n\n<p class=\"MsoNormal\" style=\"margin-bottom:6.0pt;text-align:justify\"><b><span style=\"color: black; background-image: initial; background-position: initial; background-size: initial; background-repeat: initial; background-attachment: initial; background-origin: initial; background-clip: initial;\">5. Nutzung der Einsendungen,\nFreiheit von Rechten Dritter<o:p><\/o:p><\/span><\/b><\/p>\n\n<p class=\"MsoNormal\" style=\"margin-bottom:6.0pt;text-align:justify\"><span style=\"color: black; background-image: initial; background-position: initial; background-size: initial; background-repeat: initial; background-attachment: initial; background-origin: initial; background-clip: initial;\">(1) Die Teilnehmer\nr\u00e4umen dem Veranstalter unentgeltlich das Recht ein, s\u00e4mtliche Einsendungen ausdr\u00fccklich\nbeschr\u00e4nkt auf Werbema\u00dfnahmen im Zusammenhang mit dem 150-j\u00e4hrigen Jubil\u00e4umsfotowettbewerb\nvon SCHIESSER zeitlich, r\u00e4umlich und medial uneingeschr\u00e4nkt, insbesondere in\nder nachfolgend aufgef\u00fchrten Form zu nutzen. <o:p><\/o:p><\/span><\/p>\n\n<p class=\"MsoListParagraph\" style=\"margin-top:0cm;margin-right:0cm;margin-bottom:\n6.0pt;margin-left:39.0pt;text-align:justify;text-indent:-18.0pt;mso-list:l1 level1 lfo1\"><span style=\"font-family:Symbol;mso-fareast-font-family:Symbol;mso-bidi-font-family:\nSymbol;color:black;mso-themecolor:text1\">\u00b7<span style=\"font:7.0pt &quot;Times New Roman&quot;\">&nbsp;&nbsp;&nbsp;&nbsp;&nbsp;&nbsp; <\/span><\/span><span style=\"font-family: &quot;Times New Roman&quot;, serif; color: black; background-image: initial; background-position: initial; background-size: initial; background-repeat: initial; background-attachment: initial; background-origin: initial; background-clip: initial;\">Pr\u00e4sentation im Rahmen einer Ausstellung zum Jubil\u00e4umsevent\ndes Veranstalters sowie weiterer Ausstellungen im Zusammenhang mit dem\nFirmenjubil\u00e4um und Nutzung zur Bewerbung dieser Veranstaltungen<o:p><\/o:p><\/span><\/p>\n\n<p class=\"MsoListParagraph\" style=\"margin-top:0cm;margin-right:0cm;margin-bottom:\n6.0pt;margin-left:39.0pt;text-indent:-18.0pt;mso-list:l1 level1 lfo1\"><span style=\"font-family:Symbol;mso-fareast-font-family:Symbol;mso-bidi-font-family:\nSymbol;color:black;mso-themecolor:text1\">\u00b7<span style=\"font:7.0pt &quot;Times New Roman&quot;\">&nbsp;&nbsp;&nbsp;&nbsp;&nbsp;&nbsp; <\/span><\/span><span style=\"font-family: &quot;Times New Roman&quot;, serif; color: black; background-image: initial; background-position: initial; background-size: initial; background-repeat: initial; background-attachment: initial; background-origin: initial; background-clip: initial;\">Versteigerung der Ausstellungsexponate des Jubil\u00e4umsevents im\nRahmen einer Charity-Aktion<o:p><\/o:p><\/span><\/p>\n\n<p class=\"MsoListParagraph\" style=\"margin-top:0cm;margin-right:0cm;margin-bottom:\n6.0pt;margin-left:39.0pt;text-indent:-18.0pt;mso-list:l1 level1 lfo1\"><span style=\"font-family:Symbol;mso-fareast-font-family:Symbol;mso-bidi-font-family:\nSymbol;color:black;mso-themecolor:text1\">\u00b7<span style=\"font:7.0pt &quot;Times New Roman&quot;\">&nbsp;&nbsp;&nbsp;&nbsp;&nbsp;&nbsp; <\/span><\/span><span style=\"font-family: &quot;Times New Roman&quot;, serif; color: black; background-image: initial; background-position: initial; background-size: initial; background-repeat: initial; background-attachment: initial; background-origin: initial; background-clip: initial;\">Ver\u00f6ffentlichung in einem Fotobuch<o:p><\/o:p><\/span><\/p>\n\n<p class=\"MsoListParagraph\" style=\"margin-top:0cm;margin-right:0cm;margin-bottom:\n6.0pt;margin-left:39.0pt;text-indent:-18.0pt;mso-list:l1 level1 lfo1\"><span style=\"font-family:Symbol;mso-fareast-font-family:Symbol;mso-bidi-font-family:\nSymbol;color:black;mso-themecolor:text1\">\u00b7<span style=\"font:7.0pt &quot;Times New Roman&quot;\">&nbsp;&nbsp;&nbsp;&nbsp;&nbsp;&nbsp; <\/span><\/span><span style=\"font-family: &quot;Times New Roman&quot;, serif; color: black; background-image: initial; background-position: initial; background-size: initial; background-repeat: initial; background-attachment: initial; background-origin: initial; background-clip: initial;\">Nutzung im Rahmen der \u00d6ffentlichkeitsarbeit im Zusammenhang\nmit dem Jubil\u00e4umsevent des Veranstalters und des Jubil\u00e4umsfotowettbewerbs,\ninsbesondere im Rahmen von PR-Ma\u00dfnahmen in Fach- und Publikumspresse<o:p><\/o:p><\/span><\/p>\n\n<p class=\"MsoNormal\" style=\"margin-bottom:6.0pt;text-align:justify\"><span style=\"color: black; background-image: initial; background-position: initial; background-size: initial; background-repeat: initial; background-attachment: initial; background-origin: initial; background-clip: initial;\">Eine weitergehende\nNutzung der Einsendungen au\u00dferhalb von Werbema\u00dfnahmen im Zusammenhang mit dem\n150-j\u00e4hrigen Jubil\u00e4umsfotowettbewerb von SCHIESSER, wie z.B. die Nutzung f\u00fcr\nallgemeine Werbema\u00dfnahmen und Imagekampagnen erfolgt ausschlie\u00dflich gem\u00e4\u00df\nZiffer 5 (2) gegen eine im Einzelfall gesondert zu vereinbarende angemessene\nVerg\u00fctung.<o:p><\/o:p><\/span><\/p>\n\n<p class=\"MsoNormal\" style=\"margin-bottom:6.0pt;text-align:justify\"><span style=\"color: black; background-image: initial; background-position: initial; background-size: initial; background-repeat: initial; background-attachment: initial; background-origin: initial; background-clip: initial;\">(2) Die Teilnehmer\nverpflichten sich gegen\u00fcber dem Veranstalter dar\u00fcber hinaus, diesem an\ns\u00e4mtlichen Einsendungen auf Anfrage eine inhaltlich \u00fcber Ziff. 5 (1)\nhinausgehende Nutzungslizenz zu anderen Zwecken gegen markt\u00fcbliche Verg\u00fctung zu\nerteilen, soweit es den Teilnehmern zu dem Zeitpunkt der Anfrage rechtlich\nm\u00f6glich ist. Eine dar\u00fcber hinausgehende Nutzung der Einsendungen wird der\nVeranstalter mit dem Teilnehmer individuell und unter Zahlung einer\nangemessenen Verg\u00fctung vereinbaren.<o:p><\/o:p><\/span><\/p>\n\n<p class=\"MsoNormal\" style=\"margin-bottom:6.0pt;text-align:justify\"><span style=\"color: black; background-image: initial; background-position: initial; background-size: initial; background-repeat: initial; background-attachment: initial; background-origin: initial; background-clip: initial;\">(3) N\u00e4here Details\nzum Umfang der dem Veranstalter nach Ziff. 5 (1) einger\u00e4umten Rechte ist dem\nals Anlage beigef\u00fcgten Rechtekatalog zu entnehmen.<o:p><\/o:p><\/span><\/p>\n\n<p class=\"MsoNormal\" style=\"margin-bottom:6.0pt;text-align:justify\"><span style=\"color: black; background-image: initial; background-position: initial; background-size: initial; background-repeat: initial; background-attachment: initial; background-origin: initial; background-clip: initial;\">(4) Die\nRechteeinr\u00e4umung nach Ziff. 5 (1) erfolgt nicht-ausschlie\u00dflich. Der Teilnehmer\nbleibt insbesondere berechtigt, die Einsendungen mit Hinweis auf den\nFotografenwettbewerb auf seiner eigenen Website, seinen eigenen Social-Media-Kan\u00e4len\nsowie in eigenen Publikationen und Ausstellungen zum Zweck der Eigenwerbung zu\nnutzen.<o:p><\/o:p><\/span><\/p>\n\n<p class=\"MsoNormal\" style=\"margin-bottom:6.0pt;text-align:justify\"><span style=\"color: black; background-image: initial; background-position: initial; background-size: initial; background-repeat: initial; background-attachment: initial; background-origin: initial; background-clip: initial;\">(5) Der Veranstalter\nist zu der vorstehenden Verwendung der Einsendungen berechtigt, jedoch nicht\nverpflichtet. Der Veranstalter ist in der Auswahl der Einsendungen zur\nPr\u00e4sentation und der Gestaltung der Werbema\u00dfnahmen frei.\nUrheberpers\u00f6nlichkeitsrechtliche Anspr\u00fcche der Teilnehmer bleiben unber\u00fchrt,\nsoweit sich aus dem als Anlage beigef\u00fcgten Rechtekatalog nichts Abweichendes\nergibt. <o:p><\/o:p><\/span><\/p>\n\n<p class=\"MsoNormal\" style=\"margin-bottom:6.0pt;text-align:justify\"><span style=\"color: black; background-image: initial; background-position: initial; background-size: initial; background-repeat: initial; background-attachment: initial; background-origin: initial; background-clip: initial;\">(6) Die teilnehmende\nPerson garantiert, dass sie Inhaberin s\u00e4mtlicher Rechte ist, die f\u00fcr die\nTeilnahme der Einsendung und deren Nutzung in dem nach Ziff. 5 (1) einger\u00e4umten\nUmfang erforderlich sind. Die teilnehmende Person garantiert au\u00dferdem, dass die\nEinsendungen frei von Rechten Dritter sind, die der Teilnahme und der\nentsprechenden Verwendung der Einsendungen entgegenstehen k\u00f6nnten und dass\ndurch die Verwendung der Einsendungen keine Pers\u00f6nlichkeitsrechte von\nabgebildeten Personen verletzt werden, insbesondere, dass sich alle\nabgebildeten Personen mit der Nutzung der Einsendungen in dem nach Ziff. 5 (1)\neinger\u00e4umten Umfang einverstanden erkl\u00e4rt haben. F\u00fcr die Einholung der\nEinverst\u00e4ndniserkl\u00e4rung abgebildeter Personen kann der Teilnehmer den&nbsp;<\/span><a href=\"https:\/\/www.schiesser.com\/unternehmen\/wp-content\/uploads\/SR_150-Foto-Webttbewerb_Model-Release_DE.pdf\" target=\"_blank\">Vordruck der Model\nRelease-Vereinbarung<\/a><span style=\"color: black; background-image: initial; background-position: initial; background-size: initial; background-repeat: initial; background-attachment: initial; background-origin: initial; background-clip: initial;\">&nbsp;sowie der erg\u00e4nzenden Datenschutzhinweise nutzen. F\u00fcr\nden Fall der Anfrage einer weitergehenden Lizenz gem\u00e4\u00df Ziff. 5 (2) verpflichten\nsich die Teilnehmer den Veranstalter bei der Einholung entsprechender, die\nweitergehende Nutzung abdeckender Einverst\u00e4ndniserkl\u00e4rungen zu unterst\u00fctzen,\nsoweit dies erforderlich ist.<o:p><\/o:p><\/span><\/p>\n\n<p class=\"MsoNormal\" style=\"margin-bottom:6.0pt;text-align:justify\"><b>6.\nAusschluss<o:p><\/o:p><\/b><\/p>\n\n<p class=\"MsoNormal\" style=\"margin-bottom:6.0pt;text-align:justify\">Ein Versto\u00df\ngegen diese Teilnahmebedingungen berechtigt den Veranstalter, den jeweiligen\nTeilnehmer von der Teilnahme auszuschlie\u00dfen und Preisgelder auch nachtr\u00e4glich zu\nentziehen und \/ oder zur\u00fcckzufordern. Dies gilt insbesondere, wenn der\nTeilnehmer gegen\u00fcber dem Veranstalter falsche Angaben macht oder die Einsendungen\ndes Teilnehmers gegen diese Nutzungsbedingungen versto\u00dfen. Handelt es sich bei\ndem ausgeschlossenen Teilnehmer um einen bereits ausgew\u00e4hlten Kandidaten der\nShortlist oder einen Preistr\u00e4ger, kann der Platz auf der Shortlist oder der\nPreis aberkannt und neu vergeben werden. <o:p><\/o:p><\/p>\n\n<p class=\"MsoNormal\" style=\"margin-bottom:6.0pt;text-align:justify\"><b>7.\nVorzeitige Beendigung sowie \u00c4nderungen<\/b> <o:p><\/o:p><\/p>\n\n<p class=\"MsoNormal\" style=\"margin-bottom:6.0pt;text-align:justify\">Der\nVeranstalter beh\u00e4lt sich das Recht vor, den Wettbewerb ganz oder in Teilen ohne\nvorherige Benachrichtigung einzustellen, abzubrechen, auszusetzen,\naufzuschieben oder in f\u00fcr die Teilnehmer zumutbarer Weise zu ver\u00e4ndern, falls\nunvorhergesehene, au\u00dferhalb des Einflussbereichs des Veranstalters liegende\nUmst\u00e4nde eintreten, die die planm\u00e4\u00dfige Durchf\u00fchrung des Wettbewerbs verhindern.\n&nbsp;<o:p><\/o:p><\/p>\n\n<p class=\"MsoNormal\" style=\"margin-bottom:6.0pt;text-align:justify\"><b>8.\nDatenschutz<\/b> <o:p><\/o:p><\/p>\n\n<p class=\"MsoNormal\" style=\"margin-bottom:6.0pt;text-align:justify\">Bitte\nbeachten Sie die<a href=\"https:\/\/www.schiesser.com\/unternehmen\/datenschutz-fotowettbewerb\/\" target=\"_blank\">&nbsp;Datenschutzhinweise<\/a>, die Ihnen Auskunft \u00fcber Art und\nUmfang der Verarbeitung personenbezogener Daten im Zusammenhang mit dem\nWettbewerb geben. Im \u00dcbrigen gilt die Datenschutzerkl\u00e4rung des Veranstalters\nentsprechend, die unter&nbsp;<a href=\"https:\/\/www.schiesser.com\/datenschutz\/\">https:\/\/www.schiesser.com\/datenschutz\/<\/a>&nbsp;abrufbar\nist.<b> <o:p><\/o:p><\/b><\/p>\n\n<p class=\"MsoNormal\" style=\"margin-bottom:6.0pt;text-align:justify\"><b>9.\nSchlussbestimmungen<o:p><\/o:p><\/b><\/p>\n\n<p class=\"MsoNormal\" style=\"margin-bottom:6.0pt;text-align:justify\">(1) Sollten\ndie Teilnahmebedingungen unwirksame Regelungen enthalten, bleibt die\nWirksamkeit der Bedingungen im \u00dcbrigen unber\u00fchrt. <br>\n(2) Es gilt deutsches Recht. Gegen\u00fcber Verbrauchern gilt diese Rechtswahl nur\ninsoweit, als nicht der gew\u00e4hrte Schutz durch zwingende Bestimmungen des Rechts\ndes Staates, in dem der Verbraucher seinen gew\u00f6hnlichen Aufenthalt hat,\nentzogen wird. <br>\n(3) Der Rechtsweg f\u00fcr Anspr\u00fcche aus dem Wettbewerb ist ausgeschlossen. <o:p><\/o:p><\/p>\n\n<p class=\"MsoNormal\" style=\"text-align:justify\"><o:p>&nbsp;<\/o:p><\/p>\n\n<span style=\"font-size:12.0pt;font-family:&quot;Times New Roman&quot;,serif;mso-fareast-font-family:\n&quot;Times New Roman&quot;;mso-ansi-language:DE;mso-fareast-language:DE;mso-bidi-language:\nAR-SA\"><br clear=\"all\" style=\"mso-special-character:line-break;page-break-before:\nalways\">\n<\/span>\n\n<p class=\"MsoNormal\"><o:p>&nbsp;<\/o:p><\/p>\n\n<p class=\"MsoNormal\"><b>Anhang 1 \u2013 Rechtekatalog<o:p><\/o:p><\/b><\/p>\n\n<p class=\"MsoNormal\"><b>&nbsp;<\/b><\/p>\n\n<p class=\"MsoNormal\" style=\"text-align:justify\">(1) Der Teilnehmer r\u00e4umt dem\nVeranstalter mit \u00dcbergabe seines im Rahmen des Wettbewerbs eingereichten\nMaterials (hierzu z\u00e4hlen Konzepte, Skizzen und Ideen ebenso wie die finalen\nWettbewerbsbeitr\u00e4ge) in digitaler oder analoger Form beschr\u00e4nkt auf den Zweck\nder Nutzung nach Ziff. 5 (1) der Teilnahmebedingungen das r\u00e4umlich und zeitlich\nunbeschr\u00e4nkte Recht zur umfassenden Nutzung und Verwertung des eingereichten\nMaterials einschlie\u00dflich des Rechts zur Vervielf\u00e4ltigung (\u00a7 16 UrhG),\nVerbreitung (\u00a7 17 UrhG), \u00f6ffentlichen Wiedergabe in beliebiger Form (\u00a7 15 Abs.\n2 UrhG), \u00f6ffentlichen Zug\u00e4nglichmachung (\u00a7 19a UrhG), Sendung (\u00a7 20 UrhG),\nAusstellung (\u00a7 18 UrhG), Wiedergabe durch Ton- und Bildtr\u00e4ger (\u00a7 21 UrhG) und\nBearbeitung (\u00a7 23 UrhG) sowie das Eigentum an dem gelieferten Material bzw. an\nden Datentr\u00e4gern, auf denen das Material gegebenenfalls an den Veranstalter\ngeliefert wird, ein. <o:p><\/o:p><\/p>\n\n<p class=\"MsoNormal\" style=\"text-align:justify\">(2) Der Teilnehmer r\u00e4umt dem\nVeranstalter insbesondere beschr\u00e4nkt auf den Zweck der Nutzung nach Ziff. 5 (1)\nder Teilnahmebedingungen die folgenden Rechte an dem im Rahmen des Wettbewerbs\neingereichten Materials ein:<o:p><\/o:p><\/p>\n\n<p class=\"MsoListParagraphCxSpFirst\" style=\"text-align:justify;text-indent:-18.0pt;\nmso-list:l0 level1 lfo2\"><span style=\"font-family:Symbol;\nmso-fareast-font-family:Symbol;mso-bidi-font-family:Symbol\">\u00b7<span style=\"font:7.0pt &quot;Times New Roman&quot;\">&nbsp;&nbsp;&nbsp;&nbsp;&nbsp;&nbsp;\n<\/span><\/span><span style=\"font-family:&quot;Times New Roman&quot;,serif\">das\nRecht, das Material ganz oder in Ausz\u00fcgen redaktionell bzw. zur Illustration\nredaktioneller Beitr\u00e4ge oder in sonstiger kommerzieller oder nicht\nkommerzieller Weise in beliebigen Ausgaben und Auflagen von Medien (print und\ndigital (electronic publishing) \u2013 z.B. Zeitungen\/Zeitschriften, B\u00fccher, Apps,\nE-Books, E-Paper, Social-Media-Plattformen, sonstigen Webseiten) zu verbreiten,\nzu ver\u00f6ffentlichen, \u00f6ffentlich wiederzugeben, \u00f6ffentlich zug\u00e4nglich zu machen,\nzu senden sowie zu vervielf\u00e4ltigen und zu bearbeiten sowie bearbeitete\nFassungen in gleicher Weise zu verwenden;<o:p><\/o:p><\/span><\/p>\n\n<p class=\"MsoListParagraphCxSpMiddle\" style=\"text-align:justify;text-indent:-18.0pt;\nmso-list:l0 level1 lfo2\"><span style=\"font-family:Symbol;\nmso-fareast-font-family:Symbol;mso-bidi-font-family:Symbol\">\u00b7<span style=\"font:7.0pt &quot;Times New Roman&quot;\">&nbsp;&nbsp;&nbsp;&nbsp;&nbsp;&nbsp;\n<\/span><\/span><span style=\"font-family:&quot;Times New Roman&quot;,serif\">das\nRecht, das Material zu werblichen Zwecken in beliebiger Form und in beliebigen\nMedien und Umfang zu verbreiten, zu ver\u00f6ffentlichen, \u00f6ffentlich wiederzugeben,\n\u00f6ffentlich zug\u00e4nglich zu machen, zu senden sowie zu vervielf\u00e4ltigen, zu\nbearbeiten sowie bearbeitete Fassungen in gleicher Weise zu verwenden,\ninsbesondere das Material in diesem Umfang ganz oder in Ausz\u00fcgen f\u00fcr Presse-\nund Werbemitteilungen (print- und digital (electronic publishing)), werbliche\nPr\u00e4sentationen, auf Webseiten, auf Social-Media-Plattformen in Werbevideos oder\nsonstigen Werbemedien zu verwenden;<o:p><\/o:p><\/span><\/p>\n\n<p class=\"MsoListParagraphCxSpMiddle\" style=\"text-align:justify;text-indent:-18.0pt;\nmso-list:l0 level1 lfo2\"><span style=\"font-family:Symbol;\nmso-fareast-font-family:Symbol;mso-bidi-font-family:Symbol\">\u00b7<span style=\"font:7.0pt &quot;Times New Roman&quot;\">&nbsp;&nbsp;&nbsp;&nbsp;&nbsp;&nbsp;\n<\/span><\/span><span style=\"font-family:&quot;Times New Roman&quot;,serif\">das\nRecht, das Material auch in Verbindung mit Werken anderer Rechteinhaber oder\nausschnittsweise zu nutzen und zu bearbeiten, in sonstiger Weise umzugestalten\noder dies durch Dritte vornehmen zu lassen und das bearbeitete Material im\nUmfang dieser Rechteeinr\u00e4umung zu verwenden und auf beliebigen Medien und\nDatentr\u00e4gern zu verbreiten, \u00f6ffentlich zug\u00e4nglich zu machen und\/oder \u00f6ffentlich\nwiederzugeben;<o:p><\/o:p><\/span><\/p>\n\n<p class=\"MsoListParagraphCxSpMiddle\" style=\"text-align:justify;text-indent:-18.0pt;\nmso-list:l0 level1 lfo2\"><span style=\"font-family:Symbol;\nmso-fareast-font-family:Symbol;mso-bidi-font-family:Symbol\">\u00b7<span style=\"font:7.0pt &quot;Times New Roman&quot;\">&nbsp;&nbsp;&nbsp;&nbsp;&nbsp;&nbsp;\n<\/span><\/span><span style=\"font-family:&quot;Times New Roman&quot;,serif\">das\nRecht, das Material in bearbeiteter oder unbearbeiteter Form der \u00d6ffentlichkeit\nganz oder teilweise zum jederzeitigem Abruf zug\u00e4nglich zu machen (\u00a7 19a UrhG),\ninsbesondere auf Webseiten und Social-Media-Kan\u00e4len des Veranstalters; <o:p><\/o:p><\/span><\/p>\n\n<p class=\"MsoListParagraphCxSpMiddle\" style=\"text-align:justify;text-indent:-18.0pt;\nmso-list:l0 level1 lfo2\"><span style=\"font-family:Symbol;\nmso-fareast-font-family:Symbol;mso-bidi-font-family:Symbol\">\u00b7<span style=\"font:7.0pt &quot;Times New Roman&quot;\">&nbsp;&nbsp;&nbsp;&nbsp;&nbsp;&nbsp;\n<\/span><\/span><span style=\"font-family:&quot;Times New Roman&quot;,serif\">das\nRecht, das Material in bearbeiteter oder unbearbeiteter Form mittels Bild- oder\nTontr\u00e4ger \u00f6ffentlich wahrnehmbar zu machen;<o:p><\/o:p><\/span><\/p>\n\n<p class=\"MsoListParagraphCxSpLast\" style=\"text-align:justify;text-indent:-18.0pt;\nmso-list:l0 level1 lfo2\"><span style=\"font-family:Symbol;\nmso-fareast-font-family:Symbol;mso-bidi-font-family:Symbol\">\u00b7<span style=\"font:7.0pt &quot;Times New Roman&quot;\">&nbsp;&nbsp;&nbsp;&nbsp;&nbsp;&nbsp;\n<\/span><\/span><span style=\"font-family:&quot;Times New Roman&quot;,serif\">das\nRecht, das Material in bearbeiteter oder unbearbeiteter Form im Rahmen von\nAusstellungen und Veranstaltungen sowohl in digitaler als auch in analoger Form\nauszustellen und \u00f6ffentlich wahrnehmbar zu machen;<o:p><\/o:p><\/span><\/p>\n\n<p class=\"MsoNormal\" style=\"text-align:justify\">(3) Die obenstehende\nRechteinr\u00e4umung erfolgt nicht-ausschlie\u00dflich. <span style=\"color: black; background-image: initial; background-position: initial; background-size: initial; background-repeat: initial; background-attachment: initial; background-origin: initial; background-clip: initial;\">Der Teilnehmer bleibt insbesondere\nberechtigt, das Material mit Hinweis auf den Fotografenwettbewerb auf seiner\neigenen Website, seinen eigenen Social-Media-Kan\u00e4len sowie in eigenen\nPublikationen und Ausstellungen zum Zweck der Eigenwerbung zu nutzen. <\/span><o:p><\/o:p><\/p>\n\n<p class=\"MsoNormal\" style=\"text-align:justify\">(4) Der Veranstalter ist zwar\nberechtigt, aber nicht verpflichtet, das Material zu nutzen.<o:p><\/o:p><\/p>\n\n<p class=\"MsoNormal\" style=\"text-align:justify\">(5) Der Teilnehmer hat im Rahmen\nder Branchen\u00fcbung grunds\u00e4tzlich das Recht in angemessener Weise als Urheber\ngenannt zu werden. M\u00f6chte der Teilnehmer von diesem Recht Gebrauch machen, wird\ner den Veranstalter hiervon vorab in Kenntnis setzen und die Parteien werden\nsich \u00fcber das ob und wie der Urheberbenennung f\u00fcr einzelne Nutzungsformen\nabstimmen. Im \u00dcbrigen wird der Veranstalter den Teilnehmer nach eigenem\nErmessen im Rahmen der Jubil\u00e4umsveranstaltungen namentlich nennen.<o:p><\/o:p><\/p>\n\n<p class=\"MsoNormal\" style=\"text-align:justify\"><o:p>&nbsp;<\/o:p><\/p>\n\n<p class=\"MsoNormal\" style=\"text-align:justify\"><o:p>&nbsp;<\/o:p><\/p>\n\n<p class=\"MsoNormal\" style=\"text-align:justify\"><o:p>&nbsp;<\/o:p><\/p><\/h2>\n<p style=\"font-style: normal; font-variant-ligatures: normal; font-variant-caps: normal; font-weight: 400;\">\n<\/p><p style=\"font-style: normal; font-variant-ligatures: normal; font-variant-caps: normal; font-weight: 400;\">\n<\/p><p style=\"font-style: normal; font-variant-ligatures: normal; font-variant-caps: normal; font-weight: 400;\">\n<\/p>\t\t\t\t\t<\/div>\n\t\t\t\t\t\t<\/div>\n\t\t\t\t<\/div>\n\t\t\t\t\t\t<\/div>\n\t\t\t\t\t<\/div>\n\t\t<\/div>\n\t\t\t\t\t\t\t\t<\/div>\n\t\t\t\t\t<\/div>\n\t\t<\/section>\n\t\t\t\t\t\t\t\t\t<\/div>\n\t\t\t<\/div>\n\t\t\t\t\t<\/div>\n\t\t","protected":false},"excerpt":{"rendered":"<p>Teilnahmebedingungen f\u00fcr den Fotografen-Wettbewerb zum 150j\u00e4hrigen Jubil\u00e4um der SCHIESSER GmbH 1. Gegenstand der Teilnahmebedingungen und Veranstalter (1) Diese Teilnahmebedingungen regeln die Bedingungen f\u00fcr die Teilnahme am Fotografen-Wettbewerb zum 150-j\u00e4hrigen Jubil\u00e4um der SCHIESSER GmbH (im Folgenden auch der \u201eWettbewerb\u201c). (2) Im Rahmen des Wettbewerbs k\u00f6nnen die teilnehmenden Fotograf*innen und K\u00fcnstler*innen (im Folgenden \u201eTeilnehmer\u201c) den Klassiker, das [&hellip;]<\/p>\n","protected":false},"author":33,"featured_media":0,"parent":0,"menu_order":0,"comment_status":"closed","ping_status":"closed","template":"","meta":[],"acf":[],"yoast_head":"<!-- This site is optimized with the Yoast SEO plugin v20.1 - https:\/\/yoast.com\/wordpress\/plugins\/seo\/ -->\n<title>Participation Conditions for the Photographer Competition | Schiesser<\/title>\n<meta name=\"robots\" content=\"noindex, nofollow\" \/>\n<meta property=\"og:locale\" content=\"en_US\" \/>\n<meta property=\"og:type\" content=\"article\" \/>\n<meta property=\"og:title\" content=\"Participation Conditions for the Photographer Competition | Schiesser\" \/>\n<meta property=\"og:description\" content=\"Teilnahmebedingungen f\u00fcr den Fotografen-Wettbewerb zum 150j\u00e4hrigen Jubil\u00e4um der SCHIESSER GmbH 1. Gegenstand der Teilnahmebedingungen und Veranstalter (1) Diese Teilnahmebedingungen regeln die Bedingungen f\u00fcr die Teilnahme am Fotografen-Wettbewerb zum 150-j\u00e4hrigen Jubil\u00e4um der SCHIESSER GmbH (im Folgenden auch der \u201eWettbewerb\u201c). (2) Im Rahmen des Wettbewerbs k\u00f6nnen die teilnehmenden Fotograf*innen und K\u00fcnstler*innen (im Folgenden \u201eTeilnehmer\u201c) den Klassiker, das [&hellip;]\" \/>\n<meta property=\"og:url\" content=\"https:\/\/www.schiesser.com\/unternehmen\/en\/conditions-of-participation-photocompetition\/\" \/>\n<meta property=\"og:site_name\" content=\"Schiesser\" \/>\n<meta property=\"article:publisher\" content=\"https:\/\/de-de.facebook.com\/Schiesser.AG\" \/>\n<meta property=\"article:modified_time\" content=\"2025-05-14T08:24:50+00:00\" \/>\n<meta name=\"twitter:card\" content=\"summary_large_image\" \/>\n<meta name=\"twitter:site\" content=\"@schiesserag\" \/>\n<meta name=\"twitter:label1\" content=\"Est. reading time\" \/>\n\t<meta name=\"twitter:data1\" content=\"11 minutes\" \/>\n<script type=\"application\/ld+json\" class=\"yoast-schema-graph\">{\"@context\":\"https:\/\/schema.org\",\"@graph\":[{\"@type\":\"WebPage\",\"@id\":\"https:\/\/www.schiesser.com\/unternehmen\/en\/conditions-of-participation-photocompetition\/\",\"url\":\"https:\/\/www.schiesser.com\/unternehmen\/en\/conditions-of-participation-photocompetition\/\",\"name\":\"Participation Conditions for the Photographer Competition | Schiesser\",\"isPartOf\":{\"@id\":\"https:\/\/www.schiesser.com\/unternehmen\/en\/#website\"},\"datePublished\":\"2025-03-26T13:19:16+00:00\",\"dateModified\":\"2025-05-14T08:24:50+00:00\",\"breadcrumb\":{\"@id\":\"https:\/\/www.schiesser.com\/unternehmen\/en\/conditions-of-participation-photocompetition\/#breadcrumb\"},\"inLanguage\":\"en-US\",\"potentialAction\":[{\"@type\":\"ReadAction\",\"target\":[\"https:\/\/www.schiesser.com\/unternehmen\/en\/conditions-of-participation-photocompetition\/\"]}]},{\"@type\":\"BreadcrumbList\",\"@id\":\"https:\/\/www.schiesser.com\/unternehmen\/en\/conditions-of-participation-photocompetition\/#breadcrumb\",\"itemListElement\":[{\"@type\":\"ListItem\",\"position\":1,\"name\":\"Home\",\"item\":\"https:\/\/www.schiesser.com\/unternehmen\/en\/\"},{\"@type\":\"ListItem\",\"position\":2,\"name\":\"Participation Conditions for the Photographer Competition\"}]},{\"@type\":\"WebSite\",\"@id\":\"https:\/\/www.schiesser.com\/unternehmen\/en\/#website\",\"url\":\"https:\/\/www.schiesser.com\/unternehmen\/en\/\",\"name\":\"Schiesser\",\"description\":\"Nat\u00fcrlich. Zeitgeist. Seit 1875\",\"publisher\":{\"@id\":\"https:\/\/www.schiesser.com\/unternehmen\/en\/#organization\"},\"potentialAction\":[{\"@type\":\"SearchAction\",\"target\":{\"@type\":\"EntryPoint\",\"urlTemplate\":\"https:\/\/www.schiesser.com\/unternehmen\/en\/?s={search_term_string}\"},\"query-input\":\"required name=search_term_string\"}],\"inLanguage\":\"en-US\"},{\"@type\":\"Organization\",\"@id\":\"https:\/\/www.schiesser.com\/unternehmen\/en\/#organization\",\"name\":\"Schiesser AG\",\"url\":\"https:\/\/www.schiesser.com\/unternehmen\/en\/\",\"logo\":{\"@type\":\"ImageObject\",\"inLanguage\":\"en-US\",\"@id\":\"https:\/\/www.schiesser.com\/unternehmen\/en\/#\/schema\/logo\/image\/\",\"url\":\"https:\/\/www.schiesser.com\/unternehmen\/wp-content\/uploads\/schiesser_logo.svg\",\"contentUrl\":\"https:\/\/www.schiesser.com\/unternehmen\/wp-content\/uploads\/schiesser_logo.svg\",\"caption\":\"Schiesser AG\"},\"image\":{\"@id\":\"https:\/\/www.schiesser.com\/unternehmen\/en\/#\/schema\/logo\/image\/\"},\"sameAs\":[\"https:\/\/de-de.facebook.com\/Schiesser.AG\",\"https:\/\/twitter.com\/schiesserag\",\"https:\/\/www.instagram.com\/schiesser\/\",\"https:\/\/de.pinterest.com\/SchiesserAG\/\"]}]}<\/script>\n<!-- \/ Yoast SEO plugin. -->","yoast_head_json":{"title":"Participation Conditions for the Photographer Competition | Schiesser","robots":{"index":"noindex","follow":"nofollow"},"og_locale":"en_US","og_type":"article","og_title":"Participation Conditions for the Photographer Competition | Schiesser","og_description":"Teilnahmebedingungen f\u00fcr den Fotografen-Wettbewerb zum 150j\u00e4hrigen Jubil\u00e4um der SCHIESSER GmbH 1. Gegenstand der Teilnahmebedingungen und Veranstalter (1) Diese Teilnahmebedingungen regeln die Bedingungen f\u00fcr die Teilnahme am Fotografen-Wettbewerb zum 150-j\u00e4hrigen Jubil\u00e4um der SCHIESSER GmbH (im Folgenden auch der \u201eWettbewerb\u201c). (2) Im Rahmen des Wettbewerbs k\u00f6nnen die teilnehmenden Fotograf*innen und K\u00fcnstler*innen (im Folgenden \u201eTeilnehmer\u201c) den Klassiker, das [&hellip;]","og_url":"https:\/\/www.schiesser.com\/unternehmen\/en\/conditions-of-participation-photocompetition\/","og_site_name":"Schiesser","article_publisher":"https:\/\/de-de.facebook.com\/Schiesser.AG","article_modified_time":"2025-05-14T08:24:50+00:00","twitter_card":"summary_large_image","twitter_site":"@schiesserag","twitter_misc":{"Est. reading time":"11 minutes"},"schema":{"@context":"https:\/\/schema.org","@graph":[{"@type":"WebPage","@id":"https:\/\/www.schiesser.com\/unternehmen\/en\/conditions-of-participation-photocompetition\/","url":"https:\/\/www.schiesser.com\/unternehmen\/en\/conditions-of-participation-photocompetition\/","name":"Participation Conditions for the Photographer Competition | Schiesser","isPartOf":{"@id":"https:\/\/www.schiesser.com\/unternehmen\/en\/#website"},"datePublished":"2025-03-26T13:19:16+00:00","dateModified":"2025-05-14T08:24:50+00:00","breadcrumb":{"@id":"https:\/\/www.schiesser.com\/unternehmen\/en\/conditions-of-participation-photocompetition\/#breadcrumb"},"inLanguage":"en-US","potentialAction":[{"@type":"ReadAction","target":["https:\/\/www.schiesser.com\/unternehmen\/en\/conditions-of-participation-photocompetition\/"]}]},{"@type":"BreadcrumbList","@id":"https:\/\/www.schiesser.com\/unternehmen\/en\/conditions-of-participation-photocompetition\/#breadcrumb","itemListElement":[{"@type":"ListItem","position":1,"name":"Home","item":"https:\/\/www.schiesser.com\/unternehmen\/en\/"},{"@type":"ListItem","position":2,"name":"Participation Conditions for the Photographer Competition"}]},{"@type":"WebSite","@id":"https:\/\/www.schiesser.com\/unternehmen\/en\/#website","url":"https:\/\/www.schiesser.com\/unternehmen\/en\/","name":"Schiesser","description":"Nat\u00fcrlich. Zeitgeist. Seit 1875","publisher":{"@id":"https:\/\/www.schiesser.com\/unternehmen\/en\/#organization"},"potentialAction":[{"@type":"SearchAction","target":{"@type":"EntryPoint","urlTemplate":"https:\/\/www.schiesser.com\/unternehmen\/en\/?s={search_term_string}"},"query-input":"required name=search_term_string"}],"inLanguage":"en-US"},{"@type":"Organization","@id":"https:\/\/www.schiesser.com\/unternehmen\/en\/#organization","name":"Schiesser AG","url":"https:\/\/www.schiesser.com\/unternehmen\/en\/","logo":{"@type":"ImageObject","inLanguage":"en-US","@id":"https:\/\/www.schiesser.com\/unternehmen\/en\/#\/schema\/logo\/image\/","url":"https:\/\/www.schiesser.com\/unternehmen\/wp-content\/uploads\/schiesser_logo.svg","contentUrl":"https:\/\/www.schiesser.com\/unternehmen\/wp-content\/uploads\/schiesser_logo.svg","caption":"Schiesser AG"},"image":{"@id":"https:\/\/www.schiesser.com\/unternehmen\/en\/#\/schema\/logo\/image\/"},"sameAs":["https:\/\/de-de.facebook.com\/Schiesser.AG","https:\/\/twitter.com\/schiesserag","https:\/\/www.instagram.com\/schiesser\/","https:\/\/de.pinterest.com\/SchiesserAG\/"]}]}},"_links":{"self":[{"href":"https:\/\/www.schiesser.com\/unternehmen\/en\/wp-json\/wp\/v2\/pages\/11648"}],"collection":[{"href":"https:\/\/www.schiesser.com\/unternehmen\/en\/wp-json\/wp\/v2\/pages"}],"about":[{"href":"https:\/\/www.schiesser.com\/unternehmen\/en\/wp-json\/wp\/v2\/types\/page"}],"author":[{"embeddable":true,"href":"https:\/\/www.schiesser.com\/unternehmen\/en\/wp-json\/wp\/v2\/users\/33"}],"replies":[{"embeddable":true,"href":"https:\/\/www.schiesser.com\/unternehmen\/en\/wp-json\/wp\/v2\/comments?post=11648"}],"version-history":[{"count":14,"href":"https:\/\/www.schiesser.com\/unternehmen\/en\/wp-json\/wp\/v2\/pages\/11648\/revisions"}],"predecessor-version":[{"id":12092,"href":"https:\/\/www.schiesser.com\/unternehmen\/en\/wp-json\/wp\/v2\/pages\/11648\/revisions\/12092"}],"wp:attachment":[{"href":"https:\/\/www.schiesser.com\/unternehmen\/en\/wp-json\/wp\/v2\/media?parent=11648"}],"curies":[{"name":"wp","href":"https:\/\/api.w.org\/{rel}","templated":true}]}}