{"id":11512,"date":"2025-03-18T08:27:31","date_gmt":"2025-03-18T07:27:31","guid":{"rendered":"https:\/\/www.schiesser.com\/unternehmen\/?page_id=11512"},"modified":"2025-05-14T10:26:25","modified_gmt":"2025-05-14T08:26:25","slug":"teilnahmebedingungen-fotowettbewerb","status":"publish","type":"page","link":"https:\/\/www.schiesser.com\/unternehmen\/teilnahmebedingungen-fotowettbewerb\/","title":{"rendered":"Teilnahmebedingungen Fotowettbewerb"},"content":{"rendered":"\t\t<div data-elementor-type=\"wp-page\" data-elementor-id=\"11512\" class=\"elementor elementor-11512\">\n\t\t\t\t\t\t<div class=\"elementor-inner\">\n\t\t\t\t<div class=\"elementor-section-wrap\">\n\t\t\t\t\t\t\t\t\t<section class=\"elementor-section elementor-top-section elementor-element elementor-element-88d73b4 elementor-section-boxed elementor-section-height-default elementor-section-height-default\" data-id=\"88d73b4\" data-element_type=\"section\">\n\t\t\t\t\t\t<div class=\"elementor-container elementor-column-gap-default\">\n\t\t\t\t\t\t\t<div class=\"elementor-row\">\n\t\t\t\t\t<div class=\"elementor-column elementor-col-100 elementor-top-column elementor-element elementor-element-4549ead\" data-id=\"4549ead\" data-element_type=\"column\">\n\t\t\t<div class=\"elementor-column-wrap elementor-element-populated\">\n\t\t\t\t\t\t\t<div class=\"elementor-widget-wrap\">\n\t\t\t\t\t\t<div class=\"elementor-element elementor-element-b5f2b40 elementor-widget elementor-widget-text-editor\" data-id=\"b5f2b40\" data-element_type=\"widget\" data-widget_type=\"text-editor.default\">\n\t\t\t\t<div class=\"elementor-widget-container\">\n\t\t\t\t\t\t\t\t<div class=\"elementor-text-editor elementor-clearfix\">\n\t\t\t\t<p class=\"MsoNormal\" style=\"margin-bottom: 6.0pt; text-align: justify;\"><b><span style=\"font-size: 14.0pt;\">Teilnahmebedingungen f\u00fcr den Fotografen-Wettbewerb zum 150j\u00e4hrigen Jubil\u00e4um der SCHIESSER GmbH<\/span><\/b><\/p><p class=\"MsoNormal\" style=\"margin-bottom: 6.0pt; text-align: justify;\"><b>1. Gegenstand der Teilnahmebedingungen und Veranstalter<\/b><\/p><p class=\"MsoNormal\" style=\"margin-bottom: 6.0pt; text-align: justify;\">(1) Diese Teilnahmebedingungen regeln die Bedingungen f\u00fcr die Teilnahme am Fotografen-Wettbewerb zum 150-j\u00e4hrigen Jubil\u00e4um der SCHIESSER GmbH (im Folgenden auch der \u201eWettbewerb\u201c).<\/p><p class=\"MsoNormal\" style=\"margin-bottom: 6.0pt; text-align: justify;\">(2) Im Rahmen des Wettbewerbs k\u00f6nnen die teilnehmenden Fotograf*innen und K\u00fcnstler*innen (im Folgenden \u201eTeilnehmer\u201c) den Klassiker, das Original Schiesser Tanktop, k\u00fcnstlerisch frei inszenieren. Aus allen zugelassenen Einsendungen wird Schiesser die f\u00fcnfzehn besten Kreationen ausw\u00e4hlen. Aus diesen Favoriten ermittelt eine vom Veranstalter zusammengesetzte Fachjury drei Gewinner, die jeweils mit einem Preisgeld honoriert werden. Im Rahmen eines Jubil\u00e4ums-Events werden durch den Veranstalter je nach Ausstellungskonzept die f\u00fcnfzehn besten Kreationen \u00f6ffentlich pr\u00e4sentiert und die drei Preistr\u00e4ger durch die Jury offiziell bekanntgegeben. Dar\u00fcber hinaus plant SCHIESSER einen Bildband mit ausgew\u00e4hlten Motiven zu gestalten, zu produzieren und zu verteilen, die Ausstellungsexponate der Jubil\u00e4umsveranstaltung im Rahmen einer Charity-Aktion zu versteigern und die eingegangenen Kreationen im Rahmen des Fotowettbewerbs werblich zu nutzen.<\/p><p class=\"MsoNormal\" style=\"margin-bottom: 6.0pt; text-align: justify;\">(3) Veranstalter des Wettbewerbs ist die<\/p><p class=\"MsoNormal\" style=\"margin: 0cm 0cm 6.0pt 35.4pt;\">SCHIESSER GmbH<br \/>Sch\u00fctzenstra\u00dfe 18<br \/>78315 Radolfzell<\/p><p class=\"MsoNormal\" style=\"margin-bottom: 6.0pt; text-align: justify;\">(4) Der Wettbewerb steht in keiner Verbindung zu den Social Media-Plattformen, auf denen er beworben oder anderweitig pr\u00e4sentiert wird, insbesondere Facebook, Instagram oder TikTok und wird von diesen Social Media-Plattformen nicht gesponsort, unterst\u00fctzt oder organisiert.<\/p><p class=\"MsoNormal\" style=\"margin-bottom: 6.0pt; text-align: justify;\"><b>2. Teilnahmebedingungen und Teilnahme<\/b><\/p><p class=\"MsoNormal\" style=\"margin-bottom: 6.0pt; text-align: justify;\">(1) F\u00fcr die Teilnahme am Wettbewerb k\u00f6nnen sich alle Fotograf*innen und K\u00fcnstler*innen, die mit dem Medium Fotografie gewerblich arbeiten, sowie alle Studierende der Fachrichtungen Kunst, Design und Fotografie bewerben. Auch Auszubildende und beruflich t\u00e4tige Assistent*innen im Bereich der Fotografie k\u00f6nnen sich bewerben. Alle Genres der Fotografie sind zugelassen, entweder als Einzelbilder oder als in sich geschlossene Serien. Erwartet wird eine konsequent umgesetzte hochwertige Arbeit in ad\u00e4quater Pr\u00e4sentation.<\/p><p class=\"MsoNormal\" style=\"margin-bottom: 6.0pt; text-align: justify;\">(2) Teilnehmer m\u00fcssen das 18. Lebensjahr vollendet haben. Ausgeschlossen sind Mitarbeiter der SCHIESSER GmbH sowie Angeh\u00f6rige solcher Mitarbeiter und deren Verwandte. Es ist nur eine einmalige Teilnahme am Wettbewerb erlaubt. Die Teilnahme mit gef\u00e4lschten Identit\u00e4ten oder mit Identit\u00e4ten von Dritten ist nicht erlaubt.<\/p><p class=\"MsoNormal\" style=\"margin-bottom: 6.0pt; text-align: justify;\">(3) Mit der Bewerbung f\u00fcr die Teilnahme an dem Wettbewerb erkl\u00e4rt sich die teilnehmende Person mit diesen Teilnahmebedingungen und insbesondere der Nutzung der Einsendungen in der in diesen Teilnahmebedingungen geregelten Form einverstanden.<\/p><p class=\"MsoNormal\" style=\"margin-bottom: 6.0pt; text-align: justify;\">(4) Der Ausschreibungszeitraum beginnt mit der KW12, am 17.03.2025 und l\u00e4uft bis zum 31.05.2025. Alle Personen, die am Wettbewerb teilnehmen wollen, m\u00fcssen sich im Ausschreibungszeitraum \u00fcber das\u00a0<a href=\"https:\/\/www.schiesser.com\/unternehmen\/wp-content\/uploads\/SR_150-Foto-Webttbewerb_Model-Release_DE.pdf\" target=\"_blank\" rel=\"noopener\">Online-Formular<\/a>\u00a0um die Teilnahme bewerben. Der Veranstalter beh\u00e4lt es sich vor, Bewerbungen, die gegen diese Nutzungsbedingungen versto\u00dfen oder deren Konzeptideen aus anderen Gr\u00fcnden nicht f\u00fcr die Teilnahme geeignet erscheinen, ohne Begr\u00fcndung abzulehnen und nicht f\u00fcr den Wettbewerb zu ber\u00fccksichtigen.<br \/>(5) Die Bewerber, die vom Veranstalter zum Wettbewerb zugelassen werden, werden ab KW16 per Mail vom Veranstalter informiert und erhalten ein Formular, \u00fcber das sie nach Wahl ein Damen- (Gr\u00f6\u00dfe 36\/S) oder Herren-Tanktop (Gr\u00f6\u00dfe 50\/M) bestellen k\u00f6nnen, solange der Vorrat reicht. Sollte die Konzeptidee des Teilnehmers dies erfordern, kann ein Teilnehmer beim Veranstalter unter Vorstellung der Idee auch weitere Shirts anfragen. Der Veranstalter wird \u00fcber die Anfrage nach eigenem Ermessen entscheiden. Die Shirts werden auf Gefahr des Teilnehmers an die vom Teilnehmer angegebene Postanschrift gesendet und dem Teilnehmer zur Umsetzung seiner Konzeptideen \u00fcberlassen, bleiben jedoch bis zur Einsendung der Beitr\u00e4ge im Eigentum des Veranstalters. Sendet der Teilnehmer keinen Beitrag ein oder verst\u00f6\u00dft der Beitrag gegen diese Teilnahmebedingungen, beh\u00e4lt sich der Veranstalter vor, die Shirts in Rechnung zu stellen. Nach Einsendung eines Beitrags, der diesen Teilnahmebedingungen entspricht, d\u00fcrfen die Teilnehmer die Shirts behalten.<\/p><p class=\"MsoNormal\" style=\"margin-bottom: 6.0pt; text-align: justify;\">(6) Die zugelassenen Teilnehmer m\u00fcssen ihre Beitr\u00e4ge bis zum 15.06.2025 an die E-Mailadresse 150-jahre-fotowettbewerb@schiesser.com sowie Ausdrucke an SCHIESSER GMBH, Fotowettbewerb, Sch\u00fctzenstrasse 18, 78315 Radolfzell senden. Der Veranstalter beh\u00e4lt es sich vor, Einsendungen, die gegen diese Nutzungsbedingungen versto\u00dfen, ohne Begr\u00fcndung abzulehnen und nicht f\u00fcr den weiteren Wettbewerb zu ber\u00fccksichtigen.<\/p><p class=\"MsoNormal\" style=\"margin-bottom: 6.0pt; text-align: justify;\"><b>3. Anforderungen an Einsendungen<\/b><\/p><p class=\"MsoNormal\" style=\"margin-bottom: 6.0pt; text-align: justify;\">(1) Zugelassen zum Wettbewerb sind Fotos sowie Videos. Im Fokus des Konzepts und der Einsendung muss das Doppelripp-Tanktop des Veranstalters stehen. Im \u00dcbrigen ist die Konzeptionierung und Umsetzung der gestalterischen Freiheit der Teilnehmer \u00fcberlassen. Je Einsendung sind 1-5 Fotos und \/ oder Videos m\u00f6glich.<\/p><p class=\"MsoNormal\" style=\"margin-bottom: 6.0pt; text-align: justify;\">(2) Fotos m\u00fcssen als Ansichts-JPGS in DIN A5 mit einer Aufl\u00f6sung von mindestens 300dpi sowie als Printvorlage in einer TIFF-Datei in DIN A3 mit einer Aufl\u00f6sung von mindestens 300dpi eingereicht werden. Die digitalen Daten m\u00fcssen mit Vor- und Nachnamen des Einsenders benannt werden. Fotos m\u00fcssen zus\u00e4tzlich in einem farbverbindlichen Ausdruck auf Papier an SCHIESSER GMBH, Fotowettbewerb, Sch\u00fctzenstrasse 18, 78315 Radolfzell eingesendet werden. Sollte die R\u00fccksendung des Ausdrucks erw\u00fcnscht sein, kann der Teilnehmer dies unter Beif\u00fcgung eines frankierten R\u00fcckumschlags mit Einsendung angeben.<\/p><p class=\"MsoNormal\" style=\"margin-bottom: 6.0pt; text-align: justify;\">(3) Videos d\u00fcrfen eine maximale L\u00e4nge von 2 Minuten haben und m\u00fcssen als MP4-Datei in HD-Qualit\u00e4t und im 16:9 Format eingereicht werden.<\/p><p class=\"MsoNormal\" style=\"margin-bottom: 6.0pt; text-align: justify;\">(4) Die Konzepte und Einsendungen d\u00fcrfen keine diskriminierenden, verunglimpfenden, ehrverletzenden, oder anderweitig gegen die guten Sitten versto\u00dfenden sowie keine eigengef\u00e4hrdenden oder rechtswidrigen Inhalte aufweisen. Entsprechende Bewerbungen und Einsendungen werden nicht ber\u00fccksichtigt.<\/p><p class=\"MsoNormal\" style=\"margin-bottom: 6.0pt; text-align: justify;\"><b><span style=\"color: black; background-image: initial; background-position: initial; background-size: initial; background-repeat: initial; background-attachment: initial; background-origin: initial; background-clip: initial;\">4. Auswahl und Pr\u00e4sentation der Shortlist und Preistr\u00e4ger, Preisgeld<\/span><\/b><\/p><p class=\"MsoNormal\" style=\"margin-bottom: 6.0pt; text-align: justify;\"><span style=\"color: black; background-image: initial; background-position: initial; background-size: initial; background-repeat: initial; background-attachment: initial; background-origin: initial; background-clip: initial;\">(1) Der Veranstalter wird aus allen Einsendungen bis zum Ende der KW27 nach eigenem Ermessen eine Shortlist aus f\u00fcnfzehn Teilnehmern erstellen. Die ausgew\u00e4hlten Teilnehmer werden nach der Zusammenstellung der Shortlist per E-Mail vom Veranstalter informiert. Sofern sich ein ausgew\u00e4hlter Teilnehmer nicht auf die E-Mail beim Veranstalter zur\u00fcckmeldet, beh\u00e4lt sich der Veranstalter vor, stattdessen einen anderen Teilnehmer auf die Shortlist aufzunehmen.<\/span><\/p><p class=\"MsoNormal\" style=\"margin-bottom: 6.0pt; text-align: justify;\"><span style=\"color: black; background-image: initial; background-position: initial; background-size: initial; background-repeat: initial; background-attachment: initial; background-origin: initial; background-clip: initial;\">(2) Aus der Shortlist w\u00e4hlt die vom Veranstalter unabh\u00e4ngig besetzte Jury aus PR- und Modefachleuten nach eigenem Ermessen bis zum Ende der KW28, am 13.07.2025, drei Preistr\u00e4ger aus. Die Preistr\u00e4ger werden nach der Auswahl der Jury per E-Mail vom Veranstalter informiert. Sofern sich ein Preistr\u00e4ger nicht auf die E-Mail beim Veranstalter zur\u00fcckmeldet, beh\u00e4lt sich der Veranstalter vor, stattdessen einen anderen, von der Jury ausgew\u00e4hlten Teilnehmer als Preistr\u00e4ger auszuloben.<\/span><\/p><p class=\"MsoNormal\" style=\"margin-bottom: 6.0pt; text-align: justify;\"><span style=\"color: black; background-image: initial; background-position: initial; background-size: initial; background-repeat: initial; background-attachment: initial; background-origin: initial; background-clip: initial;\">(3) Die Teilnehmer auf der Shortlist sowie die Preistr\u00e4ger werden im Rahmen des Jubil\u00e4umsevents des Veranstalters bekanntgegeben und ihre Einsendungen pr\u00e4sentiert. Die Einsendungen der Teilnehmer auf der Shortlist werden zusammen mit dem Namen des jeweiligen Teilnehmers zudem in einem vom Veranstalter gestalteten und produzierten Fotobuch \u00fcber den Wettbewerb ver\u00f6ffentlicht. Die Art und Weise der Einbindung der Einsendungen sowie die Gestaltung des Jubil\u00e4umsevents und des Fotobuchs stehen im freien Ermessen des Veranstalters.<\/span><\/p><p class=\"MsoNormal\" style=\"margin-bottom: 6.0pt; text-align: justify;\"><span style=\"color: black; background-image: initial; background-position: initial; background-size: initial; background-repeat: initial; background-attachment: initial; background-origin: initial; background-clip: initial;\">(3) Die drei Preistr\u00e4ger erhalten ein Preisgeld in folgender H\u00f6he: Der Sieger erh\u00e4lt ein Preisgeld in H\u00f6he von 3.000 EUR, der zweitplatzierte Teilnehmer ein Preisgeld in H\u00f6he von 2.000 EUR und der drittplatzierte Teilnehmer ein Preisgeld in H\u00f6he von 1.000 EUR. Das Preisgeld ist nicht \u00fcbertragbar und wird innerhalb von 4 Wochen nach \u00f6ffentlicher Bekanntgabe der Preistr\u00e4ger auf ein vom Preistr\u00e4ger zu bezeichnendes, Bankkonto ausgezahlt. Soweit es sich bei dem angegebenen Konto nicht um ein deutsches Bankkonto handelt, gehen gegebenenfalls f\u00fcr die Auszahlung des Preisgeldes anfallende Geb\u00fchren zu Lasten des Teilnehmers. Die Preisgelder verstehen sich inklusive aller eventuell anfallender Steuern und Abgaben.<\/span><\/p><p class=\"MsoNormal\" style=\"margin-bottom: 6.0pt; text-align: justify;\"><b><span style=\"color: black; background-image: initial; background-position: initial; background-size: initial; background-repeat: initial; background-attachment: initial; background-origin: initial; background-clip: initial;\">5. Nutzung der Einsendungen, Freiheit von Rechten Dritter<\/span><\/b><\/p><p class=\"MsoNormal\" style=\"margin-bottom: 6.0pt; text-align: justify;\"><span style=\"color: black; background-image: initial; background-position: initial; background-size: initial; background-repeat: initial; background-attachment: initial; background-origin: initial; background-clip: initial;\">(1) Die Teilnehmer r\u00e4umen dem Veranstalter unentgeltlich das Recht ein, s\u00e4mtliche Einsendungen ausdr\u00fccklich beschr\u00e4nkt auf Werbema\u00dfnahmen im Zusammenhang mit dem 150-j\u00e4hrigen Jubil\u00e4umsfotowettbewerb von SCHIESSER zeitlich, r\u00e4umlich und medial uneingeschr\u00e4nkt, insbesondere in der nachfolgend aufgef\u00fchrten Form zu nutzen. <\/span><\/p><p class=\"MsoListParagraph\" style=\"text-align: justify; text-indent: -18.0pt; mso-list: l1 level1 lfo1; margin: 0cm 0cm 6.0pt 39.0pt;\"><span style=\"font-family: Symbol; mso-fareast-font-family: Symbol; mso-bidi-font-family: Symbol; color: black; mso-themecolor: text1;\">\u00b7<span style=\"font: 7.0pt 'Times New Roman';\">\u00a0\u00a0\u00a0\u00a0\u00a0\u00a0 <\/span><\/span><span style=\"font-family: 'Times New Roman', serif; color: black; background-image: initial; background-position: initial; background-size: initial; background-repeat: initial; background-attachment: initial; background-origin: initial; background-clip: initial;\">Pr\u00e4sentation im Rahmen einer Ausstellung zum Jubil\u00e4umsevent des Veranstalters sowie weiterer Ausstellungen im Zusammenhang mit dem Firmenjubil\u00e4um und Nutzung zur Bewerbung dieser Veranstaltungen<\/span><\/p><p class=\"MsoListParagraph\" style=\"text-indent: -18.0pt; mso-list: l1 level1 lfo1; margin: 0cm 0cm 6.0pt 39.0pt;\"><span style=\"font-family: Symbol; mso-fareast-font-family: Symbol; mso-bidi-font-family: Symbol; color: black; mso-themecolor: text1;\">\u00b7<span style=\"font: 7.0pt 'Times New Roman';\">\u00a0\u00a0\u00a0\u00a0\u00a0\u00a0 <\/span><\/span><span style=\"font-family: 'Times New Roman', serif; color: black; background-image: initial; background-position: initial; background-size: initial; background-repeat: initial; background-attachment: initial; background-origin: initial; background-clip: initial;\">Versteigerung der Ausstellungsexponate des Jubil\u00e4umsevents im Rahmen einer Charity-Aktion<\/span><\/p><p class=\"MsoListParagraph\" style=\"text-indent: -18.0pt; mso-list: l1 level1 lfo1; margin: 0cm 0cm 6.0pt 39.0pt;\"><span style=\"font-family: Symbol; mso-fareast-font-family: Symbol; mso-bidi-font-family: Symbol; color: black; mso-themecolor: text1;\">\u00b7<span style=\"font: 7.0pt 'Times New Roman';\">\u00a0\u00a0\u00a0\u00a0\u00a0\u00a0 <\/span><\/span><span style=\"font-family: 'Times New Roman', serif; color: black; background-image: initial; background-position: initial; background-size: initial; background-repeat: initial; background-attachment: initial; background-origin: initial; background-clip: initial;\">Ver\u00f6ffentlichung in einem Fotobuch<\/span><\/p><p class=\"MsoListParagraph\" style=\"text-indent: -18.0pt; mso-list: l1 level1 lfo1; margin: 0cm 0cm 6.0pt 39.0pt;\"><span style=\"font-family: Symbol; mso-fareast-font-family: Symbol; mso-bidi-font-family: Symbol; color: black; mso-themecolor: text1;\">\u00b7<span style=\"font: 7.0pt 'Times New Roman';\">\u00a0\u00a0\u00a0\u00a0\u00a0\u00a0 <\/span><\/span><span style=\"font-family: 'Times New Roman', serif; color: black; background-image: initial; background-position: initial; background-size: initial; background-repeat: initial; background-attachment: initial; background-origin: initial; background-clip: initial;\">Nutzung im Rahmen der \u00d6ffentlichkeitsarbeit im Zusammenhang mit dem Jubil\u00e4umsevent des Veranstalters und des Jubil\u00e4umsfotowettbewerbs, insbesondere im Rahmen von PR-Ma\u00dfnahmen in Fach- und Publikumspresse<\/span><\/p><p class=\"MsoNormal\" style=\"margin-bottom: 6.0pt; text-align: justify;\"><span style=\"color: black; background-image: initial; background-position: initial; background-size: initial; background-repeat: initial; background-attachment: initial; background-origin: initial; background-clip: initial;\">Eine weitergehende Nutzung der Einsendungen au\u00dferhalb von Werbema\u00dfnahmen im Zusammenhang mit dem 150-j\u00e4hrigen Jubil\u00e4umsfotowettbewerb von SCHIESSER, wie z.B. die Nutzung f\u00fcr allgemeine Werbema\u00dfnahmen und Imagekampagnen erfolgt ausschlie\u00dflich gem\u00e4\u00df Ziffer 5 (2) gegen eine im Einzelfall gesondert zu vereinbarende angemessene Verg\u00fctung.<\/span><\/p><p class=\"MsoNormal\" style=\"margin-bottom: 6.0pt; text-align: justify;\"><span style=\"color: black; background-image: initial; background-position: initial; background-size: initial; background-repeat: initial; background-attachment: initial; background-origin: initial; background-clip: initial;\">(2) Die Teilnehmer verpflichten sich gegen\u00fcber dem Veranstalter dar\u00fcber hinaus, diesem an s\u00e4mtlichen Einsendungen auf Anfrage eine inhaltlich \u00fcber Ziff. 5 (1) hinausgehende Nutzungslizenz zu anderen Zwecken gegen markt\u00fcbliche Verg\u00fctung zu erteilen, soweit es den Teilnehmern zu dem Zeitpunkt der Anfrage rechtlich m\u00f6glich ist. Eine dar\u00fcber hinausgehende Nutzung der Einsendungen wird der Veranstalter mit dem Teilnehmer individuell und unter Zahlung einer angemessenen Verg\u00fctung vereinbaren.<\/span><\/p><p class=\"MsoNormal\" style=\"margin-bottom: 6.0pt; text-align: justify;\"><span style=\"color: black; background-image: initial; background-position: initial; background-size: initial; background-repeat: initial; background-attachment: initial; background-origin: initial; background-clip: initial;\">(3) N\u00e4here Details zum Umfang der dem Veranstalter nach Ziff. 5 (1) einger\u00e4umten Rechte ist dem als Anlage beigef\u00fcgten Rechtekatalog zu entnehmen.<\/span><\/p><p class=\"MsoNormal\" style=\"margin-bottom: 6.0pt; text-align: justify;\"><span style=\"color: black; background-image: initial; background-position: initial; background-size: initial; background-repeat: initial; background-attachment: initial; background-origin: initial; background-clip: initial;\">(4) Die Rechteeinr\u00e4umung nach Ziff. 5 (1) erfolgt nicht-ausschlie\u00dflich. Der Teilnehmer bleibt insbesondere berechtigt, die Einsendungen mit Hinweis auf den Fotografenwettbewerb auf seiner eigenen Website, seinen eigenen Social-Media-Kan\u00e4len sowie in eigenen Publikationen und Ausstellungen zum Zweck der Eigenwerbung zu nutzen.<\/span><\/p><p class=\"MsoNormal\" style=\"margin-bottom: 6.0pt; text-align: justify;\"><span style=\"color: black; background-image: initial; background-position: initial; background-size: initial; background-repeat: initial; background-attachment: initial; background-origin: initial; background-clip: initial;\">(5) Der Veranstalter ist zu der vorstehenden Verwendung der Einsendungen berechtigt, jedoch nicht verpflichtet. Der Veranstalter ist in der Auswahl der Einsendungen zur Pr\u00e4sentation und der Gestaltung der Werbema\u00dfnahmen frei. Urheberpers\u00f6nlichkeitsrechtliche Anspr\u00fcche der Teilnehmer bleiben unber\u00fchrt, soweit sich aus dem als Anlage beigef\u00fcgten Rechtekatalog nichts Abweichendes ergibt. <\/span><\/p><p class=\"MsoNormal\" style=\"margin-bottom: 6.0pt; text-align: justify;\"><span style=\"color: black; background-image: initial; background-position: initial; background-size: initial; background-repeat: initial; background-attachment: initial; background-origin: initial; background-clip: initial;\">(6) Die teilnehmende Person garantiert, dass sie Inhaberin s\u00e4mtlicher Rechte ist, die f\u00fcr die Teilnahme der Einsendung und deren Nutzung in dem nach Ziff. 5 (1) einger\u00e4umten Umfang erforderlich sind. Die teilnehmende Person garantiert au\u00dferdem, dass die Einsendungen frei von Rechten Dritter sind, die der Teilnahme und der entsprechenden Verwendung der Einsendungen entgegenstehen k\u00f6nnten und dass durch die Verwendung der Einsendungen keine Pers\u00f6nlichkeitsrechte von abgebildeten Personen verletzt werden, insbesondere, dass sich alle abgebildeten Personen mit der Nutzung der Einsendungen in dem nach Ziff. 5 (1) einger\u00e4umten Umfang einverstanden erkl\u00e4rt haben. F\u00fcr die Einholung der Einverst\u00e4ndniserkl\u00e4rung abgebildeter Personen kann der Teilnehmer den\u00a0<\/span><a href=\"https:\/\/www.schiesser.com\/unternehmen\/wp-content\/uploads\/SR_150-Foto-Webttbewerb_Model-Release_DE.pdf\" target=\"_blank\" rel=\"noopener\">Vordruck der Model Release-Vereinbarung<\/a><span style=\"color: black; background-image: initial; background-position: initial; background-size: initial; background-repeat: initial; background-attachment: initial; background-origin: initial; background-clip: initial;\">\u00a0sowie der erg\u00e4nzenden Datenschutzhinweise nutzen. F\u00fcr den Fall der Anfrage einer weitergehenden Lizenz gem\u00e4\u00df Ziff. 5 (2) verpflichten sich die Teilnehmer den Veranstalter bei der Einholung entsprechender, die weitergehende Nutzung abdeckender Einverst\u00e4ndniserkl\u00e4rungen zu unterst\u00fctzen, soweit dies erforderlich ist.<\/span><\/p><p class=\"MsoNormal\" style=\"margin-bottom: 6.0pt; text-align: justify;\"><b>6. Ausschluss<\/b><\/p><p class=\"MsoNormal\" style=\"margin-bottom: 6.0pt; text-align: justify;\">Ein Versto\u00df gegen diese Teilnahmebedingungen berechtigt den Veranstalter, den jeweiligen Teilnehmer von der Teilnahme auszuschlie\u00dfen und Preisgelder auch nachtr\u00e4glich zu entziehen und \/ oder zur\u00fcckzufordern. Dies gilt insbesondere, wenn der Teilnehmer gegen\u00fcber dem Veranstalter falsche Angaben macht oder die Einsendungen des Teilnehmers gegen diese Nutzungsbedingungen versto\u00dfen. Handelt es sich bei dem ausgeschlossenen Teilnehmer um einen bereits ausgew\u00e4hlten Kandidaten der Shortlist oder einen Preistr\u00e4ger, kann der Platz auf der Shortlist oder der Preis aberkannt und neu vergeben werden.<\/p><p class=\"MsoNormal\" style=\"margin-bottom: 6.0pt; text-align: justify;\"><b>7. Vorzeitige Beendigung sowie \u00c4nderungen<\/b><\/p><p class=\"MsoNormal\" style=\"margin-bottom: 6.0pt; text-align: justify;\">Der Veranstalter beh\u00e4lt sich das Recht vor, den Wettbewerb ganz oder in Teilen ohne vorherige Benachrichtigung einzustellen, abzubrechen, auszusetzen, aufzuschieben oder in f\u00fcr die Teilnehmer zumutbarer Weise zu ver\u00e4ndern, falls unvorhergesehene, au\u00dferhalb des Einflussbereichs des Veranstalters liegende Umst\u00e4nde eintreten, die die planm\u00e4\u00dfige Durchf\u00fchrung des Wettbewerbs verhindern. \u00a0<\/p><p class=\"MsoNormal\" style=\"margin-bottom: 6.0pt; text-align: justify;\"><b>8. Datenschutz<\/b><\/p><p class=\"MsoNormal\" style=\"margin-bottom: 6.0pt; text-align: justify;\">Bitte beachten Sie die<a href=\"https:\/\/www.schiesser.com\/unternehmen\/datenschutz-fotowettbewerb\/\" target=\"_blank\" rel=\"noopener\">\u00a0Datenschutzhinweise<\/a>, die Ihnen Auskunft \u00fcber Art und Umfang der Verarbeitung personenbezogener Daten im Zusammenhang mit dem Wettbewerb geben. Im \u00dcbrigen gilt die Datenschutzerkl\u00e4rung des Veranstalters entsprechend, die unter\u00a0<a href=\"https:\/\/www.schiesser.com\/datenschutz\/\">https:\/\/www.schiesser.com\/datenschutz\/<\/a>\u00a0abrufbar ist.<b> <\/b><\/p><p class=\"MsoNormal\" style=\"margin-bottom: 6.0pt; text-align: justify;\"><b>9. Schlussbestimmungen<\/b><\/p><p class=\"MsoNormal\" style=\"margin-bottom: 6.0pt; text-align: justify;\">(1) Sollten die Teilnahmebedingungen unwirksame Regelungen enthalten, bleibt die Wirksamkeit der Bedingungen im \u00dcbrigen unber\u00fchrt. <br \/>(2) Es gilt deutsches Recht. Gegen\u00fcber Verbrauchern gilt diese Rechtswahl nur insoweit, als nicht der gew\u00e4hrte Schutz durch zwingende Bestimmungen des Rechts des Staates, in dem der Verbraucher seinen gew\u00f6hnlichen Aufenthalt hat, entzogen wird. <br \/>(3) Der Rechtsweg f\u00fcr Anspr\u00fcche aus dem Wettbewerb ist ausgeschlossen.<\/p><p class=\"MsoNormal\" style=\"text-align: justify;\">\u00a0<\/p><h2><span style=\"font-size: 12.0pt; font-family: 'Times New Roman',serif; mso-fareast-font-family: 'Times New Roman'; mso-ansi-language: DE; mso-fareast-language: DE; mso-bidi-language: AR-SA;\">\u00a0<\/span><\/h2><p class=\"MsoNormal\">\u00a0<\/p><p class=\"MsoNormal\"><b>Anhang 1 \u2013 Rechtekatalog<\/b><\/p><p class=\"MsoNormal\"><b>\u00a0<\/b><\/p><p class=\"MsoNormal\" style=\"text-align: justify;\">(1) Der Teilnehmer r\u00e4umt dem Veranstalter mit \u00dcbergabe seines im Rahmen des Wettbewerbs eingereichten Materials (hierzu z\u00e4hlen Konzepte, Skizzen und Ideen ebenso wie die finalen Wettbewerbsbeitr\u00e4ge) in digitaler oder analoger Form beschr\u00e4nkt auf den Zweck der Nutzung nach Ziff. 5 (1) der Teilnahmebedingungen das r\u00e4umlich und zeitlich unbeschr\u00e4nkte Recht zur umfassenden Nutzung und Verwertung des eingereichten Materials einschlie\u00dflich des Rechts zur Vervielf\u00e4ltigung (\u00a7 16 UrhG), Verbreitung (\u00a7 17 UrhG), \u00f6ffentlichen Wiedergabe in beliebiger Form (\u00a7 15 Abs. 2 UrhG), \u00f6ffentlichen Zug\u00e4nglichmachung (\u00a7 19a UrhG), Sendung (\u00a7 20 UrhG), Ausstellung (\u00a7 18 UrhG), Wiedergabe durch Ton- und Bildtr\u00e4ger (\u00a7 21 UrhG) und Bearbeitung (\u00a7 23 UrhG) sowie das Eigentum an dem gelieferten Material bzw. an den Datentr\u00e4gern, auf denen das Material gegebenenfalls an den Veranstalter geliefert wird, ein.<\/p><p class=\"MsoNormal\" style=\"text-align: justify;\">(2) Der Teilnehmer r\u00e4umt dem Veranstalter insbesondere beschr\u00e4nkt auf den Zweck der Nutzung nach Ziff. 5 (1) der Teilnahmebedingungen die folgenden Rechte an dem im Rahmen des Wettbewerbs eingereichten Materials ein:<\/p><p class=\"MsoListParagraphCxSpFirst\" style=\"text-align: justify; text-indent: -18.0pt; mso-list: l0 level1 lfo2;\"><span style=\"font-family: Symbol; mso-fareast-font-family: Symbol; mso-bidi-font-family: Symbol;\">\u00b7<span style=\"font: 7.0pt 'Times New Roman';\">\u00a0\u00a0\u00a0\u00a0\u00a0\u00a0 <\/span><\/span><span style=\"font-family: 'Times New Roman',serif;\">das Recht, das Material ganz oder in Ausz\u00fcgen redaktionell bzw. zur Illustration redaktioneller Beitr\u00e4ge oder in sonstiger kommerzieller oder nicht kommerzieller Weise in beliebigen Ausgaben und Auflagen von Medien (print und digital (electronic publishing) \u2013 z.B. Zeitungen\/Zeitschriften, B\u00fccher, Apps, E-Books, E-Paper, Social-Media-Plattformen, sonstigen Webseiten) zu verbreiten, zu ver\u00f6ffentlichen, \u00f6ffentlich wiederzugeben, \u00f6ffentlich zug\u00e4nglich zu machen, zu senden sowie zu vervielf\u00e4ltigen und zu bearbeiten sowie bearbeitete Fassungen in gleicher Weise zu verwenden;<\/span><\/p><p class=\"MsoListParagraphCxSpMiddle\" style=\"text-align: justify; text-indent: -18.0pt; mso-list: l0 level1 lfo2;\"><span style=\"font-family: Symbol; mso-fareast-font-family: Symbol; mso-bidi-font-family: Symbol;\">\u00b7<span style=\"font: 7.0pt 'Times New Roman';\">\u00a0\u00a0\u00a0\u00a0\u00a0\u00a0 <\/span><\/span><span style=\"font-family: 'Times New Roman',serif;\">das Recht, das Material zu werblichen Zwecken in beliebiger Form und in beliebigen Medien und Umfang zu verbreiten, zu ver\u00f6ffentlichen, \u00f6ffentlich wiederzugeben, \u00f6ffentlich zug\u00e4nglich zu machen, zu senden sowie zu vervielf\u00e4ltigen, zu bearbeiten sowie bearbeitete Fassungen in gleicher Weise zu verwenden, insbesondere das Material in diesem Umfang ganz oder in Ausz\u00fcgen f\u00fcr Presse- und Werbemitteilungen (print- und digital (electronic publishing)), werbliche Pr\u00e4sentationen, auf Webseiten, auf Social-Media-Plattformen in Werbevideos oder sonstigen Werbemedien zu verwenden;<\/span><\/p><p class=\"MsoListParagraphCxSpMiddle\" style=\"text-align: justify; text-indent: -18.0pt; mso-list: l0 level1 lfo2;\"><span style=\"font-family: Symbol; mso-fareast-font-family: Symbol; mso-bidi-font-family: Symbol;\">\u00b7<span style=\"font: 7.0pt 'Times New Roman';\">\u00a0\u00a0\u00a0\u00a0\u00a0\u00a0 <\/span><\/span><span style=\"font-family: 'Times New Roman',serif;\">das Recht, das Material auch in Verbindung mit Werken anderer Rechteinhaber oder ausschnittsweise zu nutzen und zu bearbeiten, in sonstiger Weise umzugestalten oder dies durch Dritte vornehmen zu lassen und das bearbeitete Material im Umfang dieser Rechteeinr\u00e4umung zu verwenden und auf beliebigen Medien und Datentr\u00e4gern zu verbreiten, \u00f6ffentlich zug\u00e4nglich zu machen und\/oder \u00f6ffentlich wiederzugeben;<\/span><\/p><p class=\"MsoListParagraphCxSpMiddle\" style=\"text-align: justify; text-indent: -18.0pt; mso-list: l0 level1 lfo2;\"><span style=\"font-family: Symbol; mso-fareast-font-family: Symbol; mso-bidi-font-family: Symbol;\">\u00b7<span style=\"font: 7.0pt 'Times New Roman';\">\u00a0\u00a0\u00a0\u00a0\u00a0\u00a0 <\/span><\/span><span style=\"font-family: 'Times New Roman',serif;\">das Recht, das Material in bearbeiteter oder unbearbeiteter Form der \u00d6ffentlichkeit ganz oder teilweise zum jederzeitigem Abruf zug\u00e4nglich zu machen (\u00a7 19a UrhG), insbesondere auf Webseiten und Social-Media-Kan\u00e4len des Veranstalters; <\/span><\/p><p class=\"MsoListParagraphCxSpMiddle\" style=\"text-align: justify; text-indent: -18.0pt; mso-list: l0 level1 lfo2;\"><span style=\"font-family: Symbol; mso-fareast-font-family: Symbol; mso-bidi-font-family: Symbol;\">\u00b7<span style=\"font: 7.0pt 'Times New Roman';\">\u00a0\u00a0\u00a0\u00a0\u00a0\u00a0 <\/span><\/span><span style=\"font-family: 'Times New Roman',serif;\">das Recht, das Material in bearbeiteter oder unbearbeiteter Form mittels Bild- oder Tontr\u00e4ger \u00f6ffentlich wahrnehmbar zu machen;<\/span><\/p><p class=\"MsoListParagraphCxSpLast\" style=\"text-align: justify; text-indent: -18.0pt; mso-list: l0 level1 lfo2;\"><span style=\"font-family: Symbol; mso-fareast-font-family: Symbol; mso-bidi-font-family: Symbol;\">\u00b7<span style=\"font: 7.0pt 'Times New Roman';\">\u00a0\u00a0\u00a0\u00a0\u00a0\u00a0 <\/span><\/span><span style=\"font-family: 'Times New Roman',serif;\">das Recht, das Material in bearbeiteter oder unbearbeiteter Form im Rahmen von Ausstellungen und Veranstaltungen sowohl in digitaler als auch in analoger Form auszustellen und \u00f6ffentlich wahrnehmbar zu machen;<\/span><\/p><p class=\"MsoNormal\" style=\"text-align: justify;\">(3) Die obenstehende Rechteinr\u00e4umung erfolgt nicht-ausschlie\u00dflich. <span style=\"color: black; background-image: initial; background-position: initial; background-size: initial; background-repeat: initial; background-attachment: initial; background-origin: initial; background-clip: initial;\">Der Teilnehmer bleibt insbesondere berechtigt, das Material mit Hinweis auf den Fotografenwettbewerb auf seiner eigenen Website, seinen eigenen Social-Media-Kan\u00e4len sowie in eigenen Publikationen und Ausstellungen zum Zweck der Eigenwerbung zu nutzen. <\/span><\/p><p class=\"MsoNormal\" style=\"text-align: justify;\">(4) Der Veranstalter ist zwar berechtigt, aber nicht verpflichtet, das Material zu nutzen.<\/p><p class=\"MsoNormal\" style=\"text-align: justify;\">(5) Der Teilnehmer hat im Rahmen der Branchen\u00fcbung grunds\u00e4tzlich das Recht in angemessener Weise als Urheber genannt zu werden. M\u00f6chte der Teilnehmer von diesem Recht Gebrauch machen, wird er den Veranstalter hiervon vorab in Kenntnis setzen und die Parteien werden sich \u00fcber das ob und wie der Urheberbenennung f\u00fcr einzelne Nutzungsformen abstimmen. Im \u00dcbrigen wird der Veranstalter den Teilnehmer nach eigenem Ermessen im Rahmen der Jubil\u00e4umsveranstaltungen namentlich nennen.<\/p><p class=\"MsoNormal\" style=\"text-align: justify;\">\u00a0<\/p><p class=\"MsoNormal\" style=\"text-align: justify;\">\u00a0<\/p><p class=\"MsoNormal\" style=\"text-align: justify;\">\u00a0<\/p>\t\t\t\t\t<\/div>\n\t\t\t\t\t\t<\/div>\n\t\t\t\t<\/div>\n\t\t\t\t\t\t<\/div>\n\t\t\t\t\t<\/div>\n\t\t<\/div>\n\t\t\t\t\t\t\t\t<\/div>\n\t\t\t\t\t<\/div>\n\t\t<\/section>\n\t\t\t\t\t\t\t\t\t<\/div>\n\t\t\t<\/div>\n\t\t\t\t\t<\/div>\n\t\t","protected":false},"excerpt":{"rendered":"<p>Teilnahmebedingungen f\u00fcr den Fotografen-Wettbewerb zum 150j\u00e4hrigen Jubil\u00e4um der SCHIESSER GmbH 1. Gegenstand der Teilnahmebedingungen und Veranstalter (1) Diese Teilnahmebedingungen regeln die Bedingungen f\u00fcr die Teilnahme am Fotografen-Wettbewerb zum 150-j\u00e4hrigen Jubil\u00e4um der SCHIESSER GmbH (im Folgenden auch der \u201eWettbewerb\u201c). (2) Im Rahmen des Wettbewerbs k\u00f6nnen die teilnehmenden Fotograf*innen und K\u00fcnstler*innen (im Folgenden \u201eTeilnehmer\u201c) den Klassiker, das [&hellip;]<\/p>\n","protected":false},"author":33,"featured_media":0,"parent":0,"menu_order":0,"comment_status":"closed","ping_status":"closed","template":"","meta":[],"acf":[],"yoast_head":"<!-- This site is optimized with the Yoast SEO plugin v20.1 - https:\/\/yoast.com\/wordpress\/plugins\/seo\/ -->\n<title>Teilnahmebedingungen Fotowettbewerb | Schiesser<\/title>\n<meta name=\"robots\" content=\"noindex, nofollow\" \/>\n<meta property=\"og:locale\" content=\"de_DE\" \/>\n<meta property=\"og:type\" content=\"article\" \/>\n<meta property=\"og:title\" content=\"Teilnahmebedingungen Fotowettbewerb | Schiesser\" \/>\n<meta property=\"og:description\" content=\"Teilnahmebedingungen f\u00fcr den Fotografen-Wettbewerb zum 150j\u00e4hrigen Jubil\u00e4um der SCHIESSER GmbH 1. Gegenstand der Teilnahmebedingungen und Veranstalter (1) Diese Teilnahmebedingungen regeln die Bedingungen f\u00fcr die Teilnahme am Fotografen-Wettbewerb zum 150-j\u00e4hrigen Jubil\u00e4um der SCHIESSER GmbH (im Folgenden auch der \u201eWettbewerb\u201c). (2) Im Rahmen des Wettbewerbs k\u00f6nnen die teilnehmenden Fotograf*innen und K\u00fcnstler*innen (im Folgenden \u201eTeilnehmer\u201c) den Klassiker, das [&hellip;]\" \/>\n<meta property=\"og:url\" content=\"https:\/\/www.schiesser.com\/unternehmen\/teilnahmebedingungen-fotowettbewerb\/\" \/>\n<meta property=\"og:site_name\" content=\"Schiesser\" \/>\n<meta property=\"article:publisher\" content=\"https:\/\/de-de.facebook.com\/Schiesser.AG\" \/>\n<meta property=\"article:modified_time\" content=\"2025-05-14T08:26:25+00:00\" \/>\n<meta name=\"twitter:card\" content=\"summary_large_image\" \/>\n<meta name=\"twitter:site\" content=\"@schiesserag\" \/>\n<meta name=\"twitter:label1\" content=\"Gesch\u00e4tzte Lesezeit\" \/>\n\t<meta name=\"twitter:data1\" content=\"14 Minuten\" \/>\n<script type=\"application\/ld+json\" class=\"yoast-schema-graph\">{\"@context\":\"https:\/\/schema.org\",\"@graph\":[{\"@type\":\"WebPage\",\"@id\":\"https:\/\/www.schiesser.com\/unternehmen\/teilnahmebedingungen-fotowettbewerb\/\",\"url\":\"https:\/\/www.schiesser.com\/unternehmen\/teilnahmebedingungen-fotowettbewerb\/\",\"name\":\"Teilnahmebedingungen Fotowettbewerb | Schiesser\",\"isPartOf\":{\"@id\":\"https:\/\/www.schiesser.com\/unternehmen\/#website\"},\"datePublished\":\"2025-03-18T07:27:31+00:00\",\"dateModified\":\"2025-05-14T08:26:25+00:00\",\"breadcrumb\":{\"@id\":\"https:\/\/www.schiesser.com\/unternehmen\/teilnahmebedingungen-fotowettbewerb\/#breadcrumb\"},\"inLanguage\":\"de-DE\",\"potentialAction\":[{\"@type\":\"ReadAction\",\"target\":[\"https:\/\/www.schiesser.com\/unternehmen\/teilnahmebedingungen-fotowettbewerb\/\"]}]},{\"@type\":\"BreadcrumbList\",\"@id\":\"https:\/\/www.schiesser.com\/unternehmen\/teilnahmebedingungen-fotowettbewerb\/#breadcrumb\",\"itemListElement\":[{\"@type\":\"ListItem\",\"position\":1,\"name\":\"Home\",\"item\":\"https:\/\/www.schiesser.com\/unternehmen\/\"},{\"@type\":\"ListItem\",\"position\":2,\"name\":\"Teilnahmebedingungen Fotowettbewerb\"}]},{\"@type\":\"WebSite\",\"@id\":\"https:\/\/www.schiesser.com\/unternehmen\/#website\",\"url\":\"https:\/\/www.schiesser.com\/unternehmen\/\",\"name\":\"Schiesser\",\"description\":\"Nat\u00fcrlich. Zeitgeist. Seit 1875\",\"publisher\":{\"@id\":\"https:\/\/www.schiesser.com\/unternehmen\/#organization\"},\"potentialAction\":[{\"@type\":\"SearchAction\",\"target\":{\"@type\":\"EntryPoint\",\"urlTemplate\":\"https:\/\/www.schiesser.com\/unternehmen\/?s={search_term_string}\"},\"query-input\":\"required name=search_term_string\"}],\"inLanguage\":\"de-DE\"},{\"@type\":\"Organization\",\"@id\":\"https:\/\/www.schiesser.com\/unternehmen\/#organization\",\"name\":\"Schiesser AG\",\"url\":\"https:\/\/www.schiesser.com\/unternehmen\/\",\"logo\":{\"@type\":\"ImageObject\",\"inLanguage\":\"de-DE\",\"@id\":\"https:\/\/www.schiesser.com\/unternehmen\/#\/schema\/logo\/image\/\",\"url\":\"https:\/\/www.schiesser.com\/unternehmen\/wp-content\/uploads\/schiesser_logo.svg\",\"contentUrl\":\"https:\/\/www.schiesser.com\/unternehmen\/wp-content\/uploads\/schiesser_logo.svg\",\"caption\":\"Schiesser AG\"},\"image\":{\"@id\":\"https:\/\/www.schiesser.com\/unternehmen\/#\/schema\/logo\/image\/\"},\"sameAs\":[\"https:\/\/de-de.facebook.com\/Schiesser.AG\",\"https:\/\/twitter.com\/schiesserag\",\"https:\/\/www.instagram.com\/schiesser\/\",\"https:\/\/de.pinterest.com\/SchiesserAG\/\"]}]}<\/script>\n<!-- \/ Yoast SEO plugin. -->","yoast_head_json":{"title":"Teilnahmebedingungen Fotowettbewerb | Schiesser","robots":{"index":"noindex","follow":"nofollow"},"og_locale":"de_DE","og_type":"article","og_title":"Teilnahmebedingungen Fotowettbewerb | Schiesser","og_description":"Teilnahmebedingungen f\u00fcr den Fotografen-Wettbewerb zum 150j\u00e4hrigen Jubil\u00e4um der SCHIESSER GmbH 1. Gegenstand der Teilnahmebedingungen und Veranstalter (1) Diese Teilnahmebedingungen regeln die Bedingungen f\u00fcr die Teilnahme am Fotografen-Wettbewerb zum 150-j\u00e4hrigen Jubil\u00e4um der SCHIESSER GmbH (im Folgenden auch der \u201eWettbewerb\u201c). (2) Im Rahmen des Wettbewerbs k\u00f6nnen die teilnehmenden Fotograf*innen und K\u00fcnstler*innen (im Folgenden \u201eTeilnehmer\u201c) den Klassiker, das [&hellip;]","og_url":"https:\/\/www.schiesser.com\/unternehmen\/teilnahmebedingungen-fotowettbewerb\/","og_site_name":"Schiesser","article_publisher":"https:\/\/de-de.facebook.com\/Schiesser.AG","article_modified_time":"2025-05-14T08:26:25+00:00","twitter_card":"summary_large_image","twitter_site":"@schiesserag","twitter_misc":{"Gesch\u00e4tzte Lesezeit":"14 Minuten"},"schema":{"@context":"https:\/\/schema.org","@graph":[{"@type":"WebPage","@id":"https:\/\/www.schiesser.com\/unternehmen\/teilnahmebedingungen-fotowettbewerb\/","url":"https:\/\/www.schiesser.com\/unternehmen\/teilnahmebedingungen-fotowettbewerb\/","name":"Teilnahmebedingungen Fotowettbewerb | Schiesser","isPartOf":{"@id":"https:\/\/www.schiesser.com\/unternehmen\/#website"},"datePublished":"2025-03-18T07:27:31+00:00","dateModified":"2025-05-14T08:26:25+00:00","breadcrumb":{"@id":"https:\/\/www.schiesser.com\/unternehmen\/teilnahmebedingungen-fotowettbewerb\/#breadcrumb"},"inLanguage":"de-DE","potentialAction":[{"@type":"ReadAction","target":["https:\/\/www.schiesser.com\/unternehmen\/teilnahmebedingungen-fotowettbewerb\/"]}]},{"@type":"BreadcrumbList","@id":"https:\/\/www.schiesser.com\/unternehmen\/teilnahmebedingungen-fotowettbewerb\/#breadcrumb","itemListElement":[{"@type":"ListItem","position":1,"name":"Home","item":"https:\/\/www.schiesser.com\/unternehmen\/"},{"@type":"ListItem","position":2,"name":"Teilnahmebedingungen Fotowettbewerb"}]},{"@type":"WebSite","@id":"https:\/\/www.schiesser.com\/unternehmen\/#website","url":"https:\/\/www.schiesser.com\/unternehmen\/","name":"Schiesser","description":"Nat\u00fcrlich. Zeitgeist. Seit 1875","publisher":{"@id":"https:\/\/www.schiesser.com\/unternehmen\/#organization"},"potentialAction":[{"@type":"SearchAction","target":{"@type":"EntryPoint","urlTemplate":"https:\/\/www.schiesser.com\/unternehmen\/?s={search_term_string}"},"query-input":"required name=search_term_string"}],"inLanguage":"de-DE"},{"@type":"Organization","@id":"https:\/\/www.schiesser.com\/unternehmen\/#organization","name":"Schiesser AG","url":"https:\/\/www.schiesser.com\/unternehmen\/","logo":{"@type":"ImageObject","inLanguage":"de-DE","@id":"https:\/\/www.schiesser.com\/unternehmen\/#\/schema\/logo\/image\/","url":"https:\/\/www.schiesser.com\/unternehmen\/wp-content\/uploads\/schiesser_logo.svg","contentUrl":"https:\/\/www.schiesser.com\/unternehmen\/wp-content\/uploads\/schiesser_logo.svg","caption":"Schiesser AG"},"image":{"@id":"https:\/\/www.schiesser.com\/unternehmen\/#\/schema\/logo\/image\/"},"sameAs":["https:\/\/de-de.facebook.com\/Schiesser.AG","https:\/\/twitter.com\/schiesserag","https:\/\/www.instagram.com\/schiesser\/","https:\/\/de.pinterest.com\/SchiesserAG\/"]}]}},"_links":{"self":[{"href":"https:\/\/www.schiesser.com\/unternehmen\/wp-json\/wp\/v2\/pages\/11512"}],"collection":[{"href":"https:\/\/www.schiesser.com\/unternehmen\/wp-json\/wp\/v2\/pages"}],"about":[{"href":"https:\/\/www.schiesser.com\/unternehmen\/wp-json\/wp\/v2\/types\/page"}],"author":[{"embeddable":true,"href":"https:\/\/www.schiesser.com\/unternehmen\/wp-json\/wp\/v2\/users\/33"}],"replies":[{"embeddable":true,"href":"https:\/\/www.schiesser.com\/unternehmen\/wp-json\/wp\/v2\/comments?post=11512"}],"version-history":[{"count":27,"href":"https:\/\/www.schiesser.com\/unternehmen\/wp-json\/wp\/v2\/pages\/11512\/revisions"}],"predecessor-version":[{"id":12095,"href":"https:\/\/www.schiesser.com\/unternehmen\/wp-json\/wp\/v2\/pages\/11512\/revisions\/12095"}],"wp:attachment":[{"href":"https:\/\/www.schiesser.com\/unternehmen\/wp-json\/wp\/v2\/media?parent=11512"}],"curies":[{"name":"wp","href":"https:\/\/api.w.org\/{rel}","templated":true}]}}