{"id":11530,"date":"2025-03-18T08:39:49","date_gmt":"2025-03-18T07:39:49","guid":{"rendered":"https:\/\/www.schiesser.com\/unternehmen\/?page_id=11530"},"modified":"2025-03-26T14:49:34","modified_gmt":"2025-03-26T13:49:34","slug":"datenschutz-fotowettbewerb","status":"publish","type":"page","link":"https:\/\/www.schiesser.com\/unternehmen\/datenschutz-fotowettbewerb\/","title":{"rendered":"Datenschutz Fotowettbewerb"},"content":{"rendered":"\t\t<div data-elementor-type=\"wp-page\" data-elementor-id=\"11530\" class=\"elementor elementor-11530\">\n\t\t\t\t\t\t<div class=\"elementor-inner\">\n\t\t\t\t<div class=\"elementor-section-wrap\">\n\t\t\t\t\t\t\t\t\t<section class=\"elementor-section elementor-top-section elementor-element elementor-element-daccbdd elementor-section-boxed elementor-section-height-default elementor-section-height-default\" data-id=\"daccbdd\" data-element_type=\"section\">\n\t\t\t\t\t\t<div class=\"elementor-container elementor-column-gap-default\">\n\t\t\t\t\t\t\t<div class=\"elementor-row\">\n\t\t\t\t\t<div class=\"elementor-column elementor-col-100 elementor-top-column elementor-element elementor-element-95ec8a6\" data-id=\"95ec8a6\" data-element_type=\"column\">\n\t\t\t<div class=\"elementor-column-wrap elementor-element-populated\">\n\t\t\t\t\t\t\t<div class=\"elementor-widget-wrap\">\n\t\t\t\t\t\t<div class=\"elementor-element elementor-element-dcd895f elementor-widget elementor-widget-text-editor\" data-id=\"dcd895f\" data-element_type=\"widget\" data-widget_type=\"text-editor.default\">\n\t\t\t\t<div class=\"elementor-widget-container\">\n\t\t\t\t\t\t\t\t<div class=\"elementor-text-editor elementor-clearfix\">\n\t\t\t\t<h2><strong>Datenschutzrechtliche Hinweise<\/strong><\/h2>\n<p>Mit den nachfolgenden Hinweisen informieren wir Sie \u00fcber Einzelheiten im Zusammenhang mit der Verarbeitung personenbezogener Daten bei der Teilnahme am Fotografen-Wettbewerb zum 150-j\u00e4hrigen Jubil\u00e4um der SCHIESSER GmbH sowie Ihre diesbez\u00fcglichen Rechte. Diese Datenschutzhinweise <u>erg\u00e4nzen<\/u> die auf unserer Webseite <a href=\"https:\/\/www.schiesser.com\/datenschutz\/\">https:\/\/www.schiesser.com\/datenschutz\/<\/a> hinterlegten Datenschutzhinweise, die die Verarbeitung personenbezogener Daten auf unserer Webseite betreffen.<\/p>\n<ol>\n<li><strong>1. Verantwortlicher <\/strong><\/li>\n<\/ol>\n<p>Die verantwortliche Stelle f\u00fcr die Datenerhebung, Datenverarbeitung und Datennutzung im Zusammenhang mit der Teilnahme am Wettbewerb ist die<\/p>\n<p>SCHIESSER GmbH<br><span style=\"font-size: 0.9375rem; color: var( --e-global-color-text );\">Sch\u00fctzenstra\u00dfe 18<br><\/span><span style=\"font-size: 0.9375rem; color: var( --e-global-color-text );\">Postfach 15 20<br><\/span><span style=\"font-size: 0.9375rem; color: var( --e-global-color-text );\">78305 Radolfzell<br><\/span><span style=\"font-size: 0.9375rem; color: var( --e-global-color-text );\">Tel. 07732\/90-0<br><\/span><span style=\"font-size: 0.9375rem; color: var( --e-global-color-text );\">Fax 07732\/90-65 55<br><\/span><span style=\"font-size: 0.9375rem; color: var( --e-global-color-text );\">URL: <\/span><a style=\"font-size: 0.9375rem; background-color: #ffffff;\" href=\"http:\/\/www.schiesser.com\">www.schiesser.com<\/a><br><span style=\"font-size: 0.9375rem; color: var( --e-global-color-text );\">E-Mail: <\/span><a style=\"font-size: 0.9375rem; background-color: #ffffff;\" href=\"mailto:info@schiesser.com\">info@schiesser.com<\/a><\/p>\n<ol start=\"2\">\n<li><strong>2. Datenschutzbeauftragter<\/strong><\/li>\n<\/ol>\n<p>Sollten Sie Fragen zur Erhebung, Verarbeitung und Nutzung Ihrer personenbezogenen Daten haben, dann wenden Sie sich bitte an unseren Datenschutzbeauftragten:<\/p>\n<p><span style=\"font-size: 0.9375rem; color: var( --e-global-color-text );\">SCHIESSER GmbH<br><\/span><span style=\"font-size: 0.9375rem; color: var( --e-global-color-text );\">Datenschutzbeauftragter<br><\/span><span style=\"color: var( --e-global-color-text ); font-size: 0.9375rem;\">Sch\u00fctzenstra\u00dfe 18<br><\/span><span style=\"font-size: 0.9375rem; color: var( --e-global-color-text );\">78315 Radolfzell<br><\/span><span style=\"font-size: 0.9375rem; color: var( --e-global-color-text );\">Deutschland<br><\/span><span style=\"color: var( --e-global-color-text ); font-size: 0.9375rem;\">oder per E-Mail: datenschutz@schiesser.com.<\/span><\/p>\n<p><\/p>\n<ol start=\"3\">\n<li><strong>3. Begriffserl\u00e4uterungen<\/strong><\/li>\n<\/ol>\n<p><strong><u>Personenbezogene Daten<\/u><\/strong> sind s\u00e4mtliche Informationen, die sich auf eine identifizierte oder identifizierbare nat\u00fcrliche Person (\u201ebetroffene Person\u201c) beziehen. Als identifizierbar wird eine nat\u00fcrliche Person angesehen, die direkt oder indirekt, insbesondere mittels Zuordnung zu einer Kennung wie einem Namen, zu einer Kennnummer, zu Standortdaten, zu einer Online-Kennung oder zu einem oder mehreren besonderen Merkmalen identifiziert werden kann, die Ausdruck der physischen, physiologischen, genetischen, psychischen, wirtschaftlichen, kulturellen oder sozialen Identit\u00e4t dieser nat\u00fcrlichen Person sind.<\/p>\n<p><strong><u>DSGVO<\/u><\/strong> ist die Abk\u00fcrzung f\u00fcr die VERORDNUNG (EU) 2016\/679 DES EUROP\u00c4ISCHEN PARLAMENTS UND DES RATES vom 27. April 2016 zum Schutz nat\u00fcrlicher Personen bei der Verarbeitung personenbezogener Daten, zum freien Datenverkehr und zur Aufhebung der Richtlinie 95\/46\/EG (Datenschutz-Grundverordnung).<\/p>\n<ol start=\"4\">\n<li><strong>4. Teilnahme am Wettbewerb<\/strong><\/li>\n<\/ol>\n<p>Um am Wettbewerb teilzunehmen, m\u00fcssen Sie sich entsprechend den <a href=\"https:\/\/www.schiesser.com\/unternehmen\/teilnahmebedingungen-fotowettbewerb\/\">Teilnahmebedingungen<\/a>&nbsp;mit Ihrem Namen, Ihrer E-Mailadresse und Postadresse bei uns bewerben. Sollten Sie von der Jury als Teilnehmer der Shortlist oder als Preistr\u00e4ger ausgew\u00e4hlt werden, werden wir Sie hier\u00fcber informieren und unter Umst\u00e4nden weitere Informationen, insbesondere eine Kontoverbindung abfragen. Wir speichern und nutzen diese Informationen ausschlie\u00dflich zur Abwicklung des Wettbewerbs.<\/p>\n<p>Rechtsgrundlage f\u00fcr diese Verarbeitung ist Art. 6 Abs. 1 Satz 1 lit. b&nbsp;DSGVO.<\/p>\n<p>Die Daten werden, soweit Sie nicht auf einer gesetzlichen Grundlage f\u00fcr andere Zwecke rechtm\u00e4\u00dfig genutzt werden nach endg\u00fcltiger Abwicklung des Wettbewerbs, das hei\u00dft sp\u00e4testens 2 Wochen nach Bekanntgabe der Preistr\u00e4ger gel\u00f6scht, sofern nicht eine andere Nutzung Ihrer Einsendung erfolgt (siehe 5.) und gesetzliche Aufbewahrungsfristen einer L\u00f6schung entgegenstehen.<\/p>\n<p>Bitte beachten Sie, dass im Rahmen von Aktivit\u00e4ten auf der Plattform Instagram und TikTok gegebenenfalls weitere Datenverarbeitungsprozesse durch den Betreiber der Plattform stattfinden, auf die wir keinen Einfluss haben. Hier\u00fcber informiert Sie der Plattformbetreiber in den Datenschutzhinweisen, die Sie hier abrufen k\u00f6nnen:<\/p>\n<p><a href=\"https:\/\/de-de.facebook.com\/help\/instagram\/155833707900388\">https:\/\/de-de.facebook.com\/help\/instagram\/155833707900388<\/a><\/p>\n<p><a href=\"https:\/\/www.tiktok.com\/legal\/privacy-policy-eea?lang=de\">https:\/\/www.tiktok.com\/legal\/privacy-policy-eea?lang=de<\/a><\/p>\n<ol start=\"5\">\n<li><strong>5. Nutzung der Einsendungen<\/strong><\/li>\n<\/ol>\n<p>Wir behalten uns vor, Ihren Namen im Zusammenhang mit der Nutzung Ihrer Einsendung im Rahmen der&nbsp;<a href=\"https:\/\/www.schiesser.com\/unternehmen\/teilnahmebedingungen-fotowettbewerb\/\" target=\"_blank\" rel=\"noopener\">Teilnahmebedingungen<\/a>&nbsp;zu nutzen. Dies schlie\u00dft eine werbliche Nutzung der Einsendung im Zusammenhang mit Ihrem Namen als Urheber und einreichenden Teilnehmer mit ein.<\/p>\n<p>Rechtsgrundlage f\u00fcr diese Verarbeitung ist Art. 6 Abs. 1 Satz 1 lit. b&nbsp;DSGVO.<\/p>\n<p><strong>&nbsp;<\/strong><\/p>\n<ol start=\"6\">\n<li><strong>6. Empf\u00e4nger \/ Drittland<\/strong><\/li>\n<\/ol>\n<p>Ihre Daten werden intern an unsere zust\u00e4ndige Fachabteilung, die am Wettbewerb beteiligten Stellen sowie zur ausschlie\u00dflich technischen Verarbeitung an unsere IT-Abteilung und deren als Auftragsverarbeiter gem\u00e4\u00df Artikel 28 EU-DSGVO t\u00e4tigen Dienstleister (z.B. Rechenzentrumsbetreiber) weitergegeben.<\/p>\n<p>Durch die oben genannte Nutzung der Einsendungen in den genannten (u.a. Social-Media-) Kan\u00e4len sind die Einsendungen weltweit abrufbar, also auch in unsicheren Drittstaaten. Insofern sind alle Nutzer der genannten Webauftritte, Publikationen und Social-Media-Kan\u00e4le Empf\u00e4nger dieser Daten.<\/p>\n<p><strong>&nbsp;<\/strong><\/p>\n<ol start=\"7\">\n<li><strong>7. Automatisierte Entscheidungsfindung <\/strong><\/li>\n<\/ol>\n<p>Eine automatisierte Entscheidungsfindung einschlie\u00dflich Profiling findet nicht statt.<\/p>\n<p><strong>&nbsp;<\/strong><\/p>\n<ol start=\"8\">\n<li><strong>8. Pflicht zur Bereitstellung der personenbezogenen Daten<\/strong><\/li>\n<\/ol>\n<p>Eine gesetzliche oder vertragliche Pflicht zur Bereitstellung Ihrer Daten besteht nicht, jedoch ist ohne Bereitstellung der Daten eine Teilnahme am Wettbewerb nicht m\u00f6glich.<\/p>\n<p><strong>&nbsp;<\/strong><\/p>\n<ol start=\"9\">\n<li><strong>9. Betroffenenrechte<\/strong><\/li>\n<\/ol>\n<ol>\n<li>a) Sie haben das Recht, von uns eine Best\u00e4tigung dar\u00fcber zu verlangen, ob wir Sie betreffende personenbezogene Daten verarbeiten. Ist dies der Fall, haben Sie grundlegend ein Recht auf Auskunft \u00fcber diese personenbezogenen Daten in dem gesetzlichen Umfang (Art. 15 DSGVO i. V. m. \u00a7 34 BDSG).<\/li><li><br><\/li>\n<\/ol>\n<ol>\n<li>b)Sie haben ferner das Recht, die Berichtigung Sie betreffender unrichtiger personenbezogener Daten und ggf. \u2013 unter Ber\u00fccksichtigung der Zwecke der Verarbeitung \u2013 die Vervollst\u00e4ndigung unvollst\u00e4ndiger personenbezogener Daten, auch mittels einer erg\u00e4nzenden Erkl\u00e4rung, zu verlangen (Artikel 16 DSGVO). In den in Artikel 17 Abs. 1 lit. a bis f DSGVO genannten F\u00e4llen steht Ihnen \u00fcberdies ein Recht auf L\u00f6schung der personenbezogenen Daten zu, sofern keine Ausnahme gem\u00e4\u00df Artikel 17 Abs. 3 DSGVO gegeben ist, sowie in den F\u00e4llen des Artikel 18 Abs. 1 DSGVO ein Recht auf Einschr\u00e4nkung der Verarbeitung. In den F\u00e4llen des Artikel 20 Abs. 1 DSGVO besteht im \u00dcbrigen ein Recht auf Daten\u00fcbertragbarkeit.<\/li>\n<\/ol>\n<ol>\n<li><br><\/li><li>c)Ihnen steht gem\u00e4\u00df Artikel 77 DSGVO ein Recht auf Beschwerde bei der zust\u00e4ndigen Aufsichtsbeh\u00f6rde zu, wenn Sie der Ansicht sind, dass die Verarbeitung der Sie betreffenden personenbezogenen Daten gegen die DSGVO verst\u00f6\u00dft.<\/li>\n<\/ol>\n<ol>\n<li><u><br><\/u><\/li><li><u>d)Widerspruchsrecht bei der Verarbeitung auf der Grundlage berechtigten Interesses<\/u><\/li><\/ol>\n<p>Soweit die Verarbeitung der Daten auf der Grundlage des Art. 6 Abs. 1 lit. f DSGVO (\u201e<u>berechtigtes Interesse<\/u>\u201c) beruht, steht Ihnen das Recht zu, gegen die Verarbeitung Sie betreffender personenbezogener Daten aus Gr\u00fcnden, die sich aus Ihrer besonderen Situation ergeben, jederzeit <u>Widerspruch<\/u> einzulegen. Die Aus\u00fcbung des Widerspruchsrechts kann dazu f\u00fchren, dass unser Internetangebot insgesamt oder einzelne Dienste oder Funktionen nur eingeschr\u00e4nkt oder gar nicht mehr von Ihnen genutzt werden kann.<\/p>\n<p>Zur Wahrnehmung Ihrer Betroffenenrechte k\u00f6nnen Sie sich per Email an <br><a href=\"mailto:datenschutz@schiesser.com\">datenschutz@schiesser.com<\/a> wenden.<\/p>\n<p>Stand: 14.03.2025<\/p>\t\t\t\t\t<\/div>\n\t\t\t\t\t\t<\/div>\n\t\t\t\t<\/div>\n\t\t\t\t\t\t<\/div>\n\t\t\t\t\t<\/div>\n\t\t<\/div>\n\t\t\t\t\t\t\t\t<\/div>\n\t\t\t\t\t<\/div>\n\t\t<\/section>\n\t\t\t\t\t\t\t\t\t<\/div>\n\t\t\t<\/div>\n\t\t\t\t\t<\/div>\n\t\t","protected":false},"excerpt":{"rendered":"<p>Datenschutzrechtliche Hinweise Mit den nachfolgenden Hinweisen informieren wir Sie \u00fcber Einzelheiten im Zusammenhang mit der Verarbeitung personenbezogener Daten bei der Teilnahme am Fotografen-Wettbewerb zum 150-j\u00e4hrigen Jubil\u00e4um der SCHIESSER GmbH sowie Ihre diesbez\u00fcglichen Rechte. Diese Datenschutzhinweise erg\u00e4nzen die auf unserer Webseite https:\/\/www.schiesser.com\/datenschutz\/ hinterlegten Datenschutzhinweise, die die Verarbeitung personenbezogener Daten auf unserer Webseite betreffen. 1. Verantwortlicher Die [&hellip;]<\/p>\n","protected":false},"author":33,"featured_media":0,"parent":0,"menu_order":0,"comment_status":"closed","ping_status":"closed","template":"","meta":[],"acf":[],"yoast_head":"<!-- This site is optimized with the Yoast SEO plugin v20.1 - https:\/\/yoast.com\/wordpress\/plugins\/seo\/ -->\n<title>Datenschutz Fotowettbewerb | Schiesser<\/title>\n<meta name=\"robots\" content=\"noindex, nofollow\" \/>\n<meta property=\"og:locale\" content=\"de_DE\" \/>\n<meta property=\"og:type\" content=\"article\" \/>\n<meta property=\"og:title\" content=\"Datenschutz Fotowettbewerb | Schiesser\" \/>\n<meta property=\"og:description\" content=\"Datenschutzrechtliche Hinweise Mit den nachfolgenden Hinweisen informieren wir Sie \u00fcber Einzelheiten im Zusammenhang mit der Verarbeitung personenbezogener Daten bei der Teilnahme am Fotografen-Wettbewerb zum 150-j\u00e4hrigen Jubil\u00e4um der SCHIESSER GmbH sowie Ihre diesbez\u00fcglichen Rechte. Diese Datenschutzhinweise erg\u00e4nzen die auf unserer Webseite https:\/\/www.schiesser.com\/datenschutz\/ hinterlegten Datenschutzhinweise, die die Verarbeitung personenbezogener Daten auf unserer Webseite betreffen. 1. Verantwortlicher Die [&hellip;]\" \/>\n<meta property=\"og:url\" content=\"https:\/\/www.schiesser.com\/unternehmen\/datenschutz-fotowettbewerb\/\" \/>\n<meta property=\"og:site_name\" content=\"Schiesser\" \/>\n<meta property=\"article:publisher\" content=\"https:\/\/de-de.facebook.com\/Schiesser.AG\" \/>\n<meta property=\"article:modified_time\" content=\"2025-03-26T13:49:34+00:00\" \/>\n<meta name=\"twitter:card\" content=\"summary_large_image\" \/>\n<meta name=\"twitter:site\" content=\"@schiesserag\" \/>\n<meta name=\"twitter:label1\" content=\"Gesch\u00e4tzte Lesezeit\" \/>\n\t<meta name=\"twitter:data1\" content=\"5 Minuten\" \/>\n<script type=\"application\/ld+json\" class=\"yoast-schema-graph\">{\"@context\":\"https:\/\/schema.org\",\"@graph\":[{\"@type\":\"WebPage\",\"@id\":\"https:\/\/www.schiesser.com\/unternehmen\/datenschutz-fotowettbewerb\/\",\"url\":\"https:\/\/www.schiesser.com\/unternehmen\/datenschutz-fotowettbewerb\/\",\"name\":\"Datenschutz Fotowettbewerb | Schiesser\",\"isPartOf\":{\"@id\":\"https:\/\/www.schiesser.com\/unternehmen\/#website\"},\"datePublished\":\"2025-03-18T07:39:49+00:00\",\"dateModified\":\"2025-03-26T13:49:34+00:00\",\"breadcrumb\":{\"@id\":\"https:\/\/www.schiesser.com\/unternehmen\/datenschutz-fotowettbewerb\/#breadcrumb\"},\"inLanguage\":\"de-DE\",\"potentialAction\":[{\"@type\":\"ReadAction\",\"target\":[\"https:\/\/www.schiesser.com\/unternehmen\/datenschutz-fotowettbewerb\/\"]}]},{\"@type\":\"BreadcrumbList\",\"@id\":\"https:\/\/www.schiesser.com\/unternehmen\/datenschutz-fotowettbewerb\/#breadcrumb\",\"itemListElement\":[{\"@type\":\"ListItem\",\"position\":1,\"name\":\"Home\",\"item\":\"https:\/\/www.schiesser.com\/unternehmen\/\"},{\"@type\":\"ListItem\",\"position\":2,\"name\":\"Datenschutz Fotowettbewerb\"}]},{\"@type\":\"WebSite\",\"@id\":\"https:\/\/www.schiesser.com\/unternehmen\/#website\",\"url\":\"https:\/\/www.schiesser.com\/unternehmen\/\",\"name\":\"Schiesser\",\"description\":\"Nat\u00fcrlich. Zeitgeist. Seit 1875\",\"publisher\":{\"@id\":\"https:\/\/www.schiesser.com\/unternehmen\/#organization\"},\"potentialAction\":[{\"@type\":\"SearchAction\",\"target\":{\"@type\":\"EntryPoint\",\"urlTemplate\":\"https:\/\/www.schiesser.com\/unternehmen\/?s={search_term_string}\"},\"query-input\":\"required name=search_term_string\"}],\"inLanguage\":\"de-DE\"},{\"@type\":\"Organization\",\"@id\":\"https:\/\/www.schiesser.com\/unternehmen\/#organization\",\"name\":\"Schiesser AG\",\"url\":\"https:\/\/www.schiesser.com\/unternehmen\/\",\"logo\":{\"@type\":\"ImageObject\",\"inLanguage\":\"de-DE\",\"@id\":\"https:\/\/www.schiesser.com\/unternehmen\/#\/schema\/logo\/image\/\",\"url\":\"https:\/\/www.schiesser.com\/unternehmen\/wp-content\/uploads\/schiesser_logo.svg\",\"contentUrl\":\"https:\/\/www.schiesser.com\/unternehmen\/wp-content\/uploads\/schiesser_logo.svg\",\"caption\":\"Schiesser AG\"},\"image\":{\"@id\":\"https:\/\/www.schiesser.com\/unternehmen\/#\/schema\/logo\/image\/\"},\"sameAs\":[\"https:\/\/de-de.facebook.com\/Schiesser.AG\",\"https:\/\/twitter.com\/schiesserag\",\"https:\/\/www.instagram.com\/schiesser\/\",\"https:\/\/de.pinterest.com\/SchiesserAG\/\"]}]}<\/script>\n<!-- \/ Yoast SEO plugin. -->","yoast_head_json":{"title":"Datenschutz Fotowettbewerb | Schiesser","robots":{"index":"noindex","follow":"nofollow"},"og_locale":"de_DE","og_type":"article","og_title":"Datenschutz Fotowettbewerb | Schiesser","og_description":"Datenschutzrechtliche Hinweise Mit den nachfolgenden Hinweisen informieren wir Sie \u00fcber Einzelheiten im Zusammenhang mit der Verarbeitung personenbezogener Daten bei der Teilnahme am Fotografen-Wettbewerb zum 150-j\u00e4hrigen Jubil\u00e4um der SCHIESSER GmbH sowie Ihre diesbez\u00fcglichen Rechte. Diese Datenschutzhinweise erg\u00e4nzen die auf unserer Webseite https:\/\/www.schiesser.com\/datenschutz\/ hinterlegten Datenschutzhinweise, die die Verarbeitung personenbezogener Daten auf unserer Webseite betreffen. 1. Verantwortlicher Die [&hellip;]","og_url":"https:\/\/www.schiesser.com\/unternehmen\/datenschutz-fotowettbewerb\/","og_site_name":"Schiesser","article_publisher":"https:\/\/de-de.facebook.com\/Schiesser.AG","article_modified_time":"2025-03-26T13:49:34+00:00","twitter_card":"summary_large_image","twitter_site":"@schiesserag","twitter_misc":{"Gesch\u00e4tzte Lesezeit":"5 Minuten"},"schema":{"@context":"https:\/\/schema.org","@graph":[{"@type":"WebPage","@id":"https:\/\/www.schiesser.com\/unternehmen\/datenschutz-fotowettbewerb\/","url":"https:\/\/www.schiesser.com\/unternehmen\/datenschutz-fotowettbewerb\/","name":"Datenschutz Fotowettbewerb | Schiesser","isPartOf":{"@id":"https:\/\/www.schiesser.com\/unternehmen\/#website"},"datePublished":"2025-03-18T07:39:49+00:00","dateModified":"2025-03-26T13:49:34+00:00","breadcrumb":{"@id":"https:\/\/www.schiesser.com\/unternehmen\/datenschutz-fotowettbewerb\/#breadcrumb"},"inLanguage":"de-DE","potentialAction":[{"@type":"ReadAction","target":["https:\/\/www.schiesser.com\/unternehmen\/datenschutz-fotowettbewerb\/"]}]},{"@type":"BreadcrumbList","@id":"https:\/\/www.schiesser.com\/unternehmen\/datenschutz-fotowettbewerb\/#breadcrumb","itemListElement":[{"@type":"ListItem","position":1,"name":"Home","item":"https:\/\/www.schiesser.com\/unternehmen\/"},{"@type":"ListItem","position":2,"name":"Datenschutz Fotowettbewerb"}]},{"@type":"WebSite","@id":"https:\/\/www.schiesser.com\/unternehmen\/#website","url":"https:\/\/www.schiesser.com\/unternehmen\/","name":"Schiesser","description":"Nat\u00fcrlich. Zeitgeist. Seit 1875","publisher":{"@id":"https:\/\/www.schiesser.com\/unternehmen\/#organization"},"potentialAction":[{"@type":"SearchAction","target":{"@type":"EntryPoint","urlTemplate":"https:\/\/www.schiesser.com\/unternehmen\/?s={search_term_string}"},"query-input":"required name=search_term_string"}],"inLanguage":"de-DE"},{"@type":"Organization","@id":"https:\/\/www.schiesser.com\/unternehmen\/#organization","name":"Schiesser AG","url":"https:\/\/www.schiesser.com\/unternehmen\/","logo":{"@type":"ImageObject","inLanguage":"de-DE","@id":"https:\/\/www.schiesser.com\/unternehmen\/#\/schema\/logo\/image\/","url":"https:\/\/www.schiesser.com\/unternehmen\/wp-content\/uploads\/schiesser_logo.svg","contentUrl":"https:\/\/www.schiesser.com\/unternehmen\/wp-content\/uploads\/schiesser_logo.svg","caption":"Schiesser AG"},"image":{"@id":"https:\/\/www.schiesser.com\/unternehmen\/#\/schema\/logo\/image\/"},"sameAs":["https:\/\/de-de.facebook.com\/Schiesser.AG","https:\/\/twitter.com\/schiesserag","https:\/\/www.instagram.com\/schiesser\/","https:\/\/de.pinterest.com\/SchiesserAG\/"]}]}},"_links":{"self":[{"href":"https:\/\/www.schiesser.com\/unternehmen\/wp-json\/wp\/v2\/pages\/11530"}],"collection":[{"href":"https:\/\/www.schiesser.com\/unternehmen\/wp-json\/wp\/v2\/pages"}],"about":[{"href":"https:\/\/www.schiesser.com\/unternehmen\/wp-json\/wp\/v2\/types\/page"}],"author":[{"embeddable":true,"href":"https:\/\/www.schiesser.com\/unternehmen\/wp-json\/wp\/v2\/users\/33"}],"replies":[{"embeddable":true,"href":"https:\/\/www.schiesser.com\/unternehmen\/wp-json\/wp\/v2\/comments?post=11530"}],"version-history":[{"count":13,"href":"https:\/\/www.schiesser.com\/unternehmen\/wp-json\/wp\/v2\/pages\/11530\/revisions"}],"predecessor-version":[{"id":11679,"href":"https:\/\/www.schiesser.com\/unternehmen\/wp-json\/wp\/v2\/pages\/11530\/revisions\/11679"}],"wp:attachment":[{"href":"https:\/\/www.schiesser.com\/unternehmen\/wp-json\/wp\/v2\/media?parent=11530"}],"curies":[{"name":"wp","href":"https:\/\/api.w.org\/{rel}","templated":true}]}}